{"id":29,"date":"2022-07-14T22:01:38","date_gmt":"2022-07-14T20:01:38","guid":{"rendered":"http:\/\/sasldeh.cluster030.hosting.ovh.net\/?page_id=29"},"modified":"2026-03-02T10:45:28","modified_gmt":"2026-03-02T09:45:28","slug":"publications-en-vente","status":"publish","type":"page","link":"https:\/\/sasl-des-po.fr\/index.php\/publications-en-vente\/","title":{"rendered":"Publications en vente"},"content":{"rendered":"\n<p>Vous trouverez ci-dessous un tableau des publications dont nous poss\u00e9dons des exemplaires en stock. Merci de nous contacter par mail pour toute commande : livres@sasl-des-po.fr<\/p>\n\n\n\n<p>Pour les num\u00e9ros ant\u00e9rieurs \u00e0 1985, merci de nous consulter.<\/p>\n\n\n\n<figure class=\"wp-block-table\"><table><tbody><tr><td>Volume hors s\u00e9rie (2025)<\/td><td>Jean-Marie Rosenstein<\/td><td><strong>Histoire de la soie dans les Pyr\u00e9n\u00e9es-Orientales. \u00c9ph\u00e9m\u00e9rides<\/strong><\/td><td>40\u20ac<\/td><\/tr><tr><td>128<sup>e<\/sup> volume (2022-2023)<\/td><td><\/td><td><strong>Architecture castrale et vernaculaire. Pastoralisme et vie rurale. Actes des Journ\u00e9es d&rsquo;\u00e9tudes 2022 de la SASL en hommage \u00e0 Anny de Pous.<\/strong><\/td><td>20\u20ac<\/td><\/tr><tr><td>127<sup>e<\/sup> volume (2022)<\/td><td>&nbsp;<\/td><td><a href=\"http:\/\/sasldeh.cluster030.hosting.ovh.net\/index.php\/bulletin-2020-2021\/\" data-type=\"page\" data-id=\"147\"><strong>M\u00e9langes roussillonnais 2020-2021<\/strong><\/a><\/td><td>20\u20ac<\/td><\/tr><tr><td>126<sup>e<\/sup> volume (2019)<\/td><td>&nbsp;<\/td><td><strong>Richesses roussillonnaises<\/strong><\/td><td>20\u20ac<\/td><\/tr><tr><td>125<sup>e<\/sup> volume (2018)<\/td><td>&nbsp;<\/td><td><strong>Perpignan m\u00e9di\u00e9val<\/strong><\/td><td>20\u20ac (\u00e9puis\u00e9)<\/td><\/tr><tr><td>124<sup>e<\/sup> volume (2017)<\/td><td>&nbsp;<\/td><td><strong>Architecture, arch\u00e9ologie et patrimoine des Pyr\u00e9n\u00e9es-Orientales<\/strong><\/td><td>20\u20ac<\/td><\/tr><tr><td>123<sup>e<\/sup> volume (2016)<\/td><td>&nbsp;<\/td><td><strong>Souvenirs du Baron Guiraud de Saint-Marsal, militaire puis maire de Perpignan (1760-1857)<\/strong><\/td><td>25\u20ac<\/td><\/tr><tr><td>122<sup>e<\/sup> volume (2015)<\/td><td>&nbsp;<\/td><td><strong>Parcours humains durant la Grande Guerre<\/strong><\/td><td>18\u20ac<\/td><\/tr><tr><td>120e volume (2013)<\/td><td>Roland Serres-Bria<\/td><td><strong>Le Patrimoine du Roussillon<\/strong><\/td><td>25\u20ac<\/td><\/tr><tr><td>119e volume (2012)<\/td><td>Collectif<\/td><td><strong>M\u00e9langes Roussillonnais<\/strong><\/td><td>30\u20ac<\/td><\/tr><tr><td>Volume Hors s\u00e9rie<\/td><td>Jean-Pierre Garrigue<\/td><td><strong>La carte \u00e0 jouer \u00e0 Perpignan du Moyen Age \u00e0 nos jours<\/strong><\/td><td>Souscription 20 \u20ac<\/td><\/tr><tr><td>118e volume (2011)<\/td><td>Josianne Cabanas<\/td><td><strong>Les Noell du Vallespir : Une famille dans l&rsquo;histoire<\/strong><\/td><td>30 \u20ac<\/td><\/tr><tr><td>Volume Hors s\u00e9rie<\/td><td>Andr\u00e9 Vinas<\/td><td><strong>Au pays des miroirs<\/strong><\/td><td>20 \u20ac<\/td><\/tr><tr><td>117e volume<br>(2010)<\/td><td>Henri Soulet<\/td><td><strong>Une jeunesse \u00e0 Perpignan autour de 1900<\/strong><\/td><td>30 \u20ac<\/td><\/tr><tr><td>116e volume<br>(2009)<\/td><td>Collectif<\/td><td><strong>M\u00e9langes roussillonnais<\/strong><\/td><td>40 \u20ac<\/td><\/tr><tr><td>115e volume<br>(2008)<\/td><td>Claude Colomer<\/td><td><strong>Joffre le Colonial<\/strong><\/td><td>40 \u20ac<\/td><\/tr><tr><td>114e volume<br>(2007)<\/td><td>Agn\u00e8s et Robert Vinas<\/td><td><strong>Le Livre des Faits de Jaume le Conqu\u00e9rant<\/strong><\/td><td>48 \u20ac (\u00e9puis\u00e9)<\/td><\/tr><tr><td>113e volume<br>(2006)<\/td><td>Laurent Fonquernie<\/td><td><strong>Grenats de Perpignan<\/strong><\/td><td>40 \u20ac<\/td><\/tr><tr><td>112e volume<br>(2005)<\/td><td>Collectif<\/td><td><strong>M\u00e9langes roussillonnais<\/strong><\/td><td>32 \u20ac<\/td><\/tr><tr><td>111e volume<br>(2004)<\/td><td>Agn\u00e8s et Robert Vinas<\/td><td><strong>La Conqu\u00eate de Majorque<\/strong><\/td><td>45 \u20ac<\/td><\/tr><tr><td>110e volume<br>(2003)<\/td><td>Roland Serres-Bria<\/td><td><strong>Les Ermitages du Roussillon et leurs ermites<\/strong><\/td><td>30 \u20ac<\/td><\/tr><tr><td>109e volume<br>(2002)<\/td><td><\/td><td><strong>Aspects du Roussillon<\/strong><strong><br>Am\u00e9nagement du territoire, arch\u00e9ologie et art<\/strong><\/td><td>30 \u20ac<\/td><\/tr><tr><td>108e volume<br>(2001)<\/td><td><\/td><td><strong>A travers l\u2019histoire du Roussillon<\/strong><strong><br>De l\u2019empreinte chr\u00e9tienne \u00e0 l\u2019humanisme contemporain<\/strong><\/td><td>20 \u20ac<\/td><\/tr><tr><td>107e volume<br>(1999)<\/td><td>No\u00ebl Bailb\u00e9<\/td><td><strong>Les Portes des \u00e9glises romanes du Roussillon<\/strong><\/td><td>30 \u20ac<\/td><\/tr><tr><td>106e volume<br>(1998)<\/td><td>Fran\u00e7ois Jaubert de Passa<\/td><td><strong>Souvenirs du Voyage de 1819 en Espagne<\/strong><strong><br>Pr\u00e9sentation, notes et commentaires par Jacques Saquer<\/strong><\/td><td>30 \u20ac<\/td><\/tr><tr><td>105e volume<br>(1997)<\/td><td><\/td><td><strong>Le Buisson catalan<\/strong><\/td><td>20 \u20ac<\/td><\/tr><tr><td>104e volume<br>(1996)<\/td><td>Claude Colomer<\/td><td><strong>Le Clerg\u00e9 r\u00e9gulier du Roussillon sous l\u2019Ancien-R\u00e9gime<\/strong><\/td><td>20 \u20ac<\/td><\/tr><tr><td>103e volume<br>(1995)<\/td><td><\/td><td><strong>Le Roussillon, de la Marca hispanica aux Pyr\u00e9n\u00e9es-Orientales<\/strong><\/td><td>25 \u20ac<\/td><\/tr><tr><td>102e volume<br>(1994)<\/td><td><\/td><td><strong>A travers l\u2019histoire du Roussillon<\/strong><\/td><td>20 \u20ac<\/td><\/tr><tr><td>101e volume<br>(1993)<\/td><td>Jacques Delon<\/td><td><strong>Le Roussillon apr\u00e8s la R\u00e9volution<\/strong><strong><br>Pr\u00e9sentation par Etienne Frenay<\/strong><\/td><td>25 \u20ac<\/td><\/tr><tr><td>100e volume<br>(1992)<\/td><td><\/td><td><strong>Centi\u00e8me volume d&rsquo;\u00e9tudes sur le Roussillon<\/strong><strong><br>Pr\u00e9face de Jean Favier<\/strong><\/td><td>25 \u20ac<\/td><\/tr><tr><td>97e volume<br>(1989)<\/td><td>No\u00ebl Bailb\u00e9<\/td><td><strong>Les Clochers-tours du Roussillon<\/strong><\/td><td>35 \u20ac<\/td><\/tr><tr><td>96e volume<br>(1989)<\/td><td>V\u00e9ronique Wiart<\/td><td><strong>Perpignan, une ville \u00e0 l&rsquo;assaut de ses remparts<\/strong><strong><br>(dans un volume de m\u00e9langes)<\/strong><\/td><td>20 \u20ac<\/td><\/tr><tr><td>95e volume<br>(1987)<\/td><td>Poeydavant<\/td><td><strong>Le Roussillon \u00e0 la fin de l\u2019Ancien R\u00e9gime<\/strong><strong><br>M\u00e9moire pr\u00e9sent\u00e9 par Jean-Marie Carbasse<\/strong><\/td><td>25 \u20ac<\/td><\/tr><tr><td>93e volume<br>(1985)<\/td><td><\/td><td><strong>Le Roussillon dans la premi\u00e8re moiti\u00e9 du XIXe si\u00e8cle<\/strong><\/td><td>20 \u20ac<\/td><\/tr><tr><td>Perpignan 1984<\/td><td>Deloncle&nbsp;<em>et alii<\/em><\/td><td><strong>La procession de la Sanch<\/strong><\/td><td>15 \u20ac<\/td><\/tr><tr><td>Perpignan 1993<\/td><td>Roland Serres-Bria<\/td><td><strong>La Menera de Cabren\u00e7<\/strong><\/td><td>25 \u20ac<\/td><\/tr><tr><td>Perpignan 1995<\/td><td>Fernand Poirot<\/td><td><strong>A travers le Roussillon, Alb\u00e8res, Vallespir<\/strong><\/td><td>25 \u20ac<\/td><\/tr><\/tbody><\/table><\/figure>\n","protected":false},"excerpt":{"rendered":"<p>Vous trouverez ci-dessous un tableau des publications dont nous poss\u00e9dons des exemplaires en stock. Merci de nous contacter par mail pour toute commande : livres@sasl-des-po.fr Pour les num\u00e9ros ant\u00e9rieurs \u00e0 1985, merci de nous consulter. Volume hors s\u00e9rie (2025) Jean-Marie Rosenstein Histoire de la soie dans les Pyr\u00e9n\u00e9es-Orientales. \u00c9ph\u00e9m\u00e9rides 40\u20ac 128e volume (2022-2023) Architecture castrale &hellip; <a href=\"https:\/\/sasl-des-po.fr\/index.php\/publications-en-vente\/\" class=\"more-link\">Continuer la lecture de <span class=\"screen-reader-text\">Publications en vente<\/span><\/a><\/p>\n","protected":false},"author":1,"featured_media":0,"parent":0,"menu_order":0,"comment_status":"closed","ping_status":"closed","template":"","meta":{"footnotes":""},"class_list":["post-29","page","type-page","status-publish","hentry"],"_links":{"self":[{"href":"https:\/\/sasl-des-po.fr\/index.php\/wp-json\/wp\/v2\/pages\/29","targetHints":{"allow":["GET"]}}],"collection":[{"href":"https:\/\/sasl-des-po.fr\/index.php\/wp-json\/wp\/v2\/pages"}],"about":[{"href":"https:\/\/sasl-des-po.fr\/index.php\/wp-json\/wp\/v2\/types\/page"}],"author":[{"embeddable":true,"href":"https:\/\/sasl-des-po.fr\/index.php\/wp-json\/wp\/v2\/users\/1"}],"replies":[{"embeddable":true,"href":"https:\/\/sasl-des-po.fr\/index.php\/wp-json\/wp\/v2\/comments?post=29"}],"version-history":[{"count":6,"href":"https:\/\/sasl-des-po.fr\/index.php\/wp-json\/wp\/v2\/pages\/29\/revisions"}],"predecessor-version":[{"id":1273,"href":"https:\/\/sasl-des-po.fr\/index.php\/wp-json\/wp\/v2\/pages\/29\/revisions\/1273"}],"wp:attachment":[{"href":"https:\/\/sasl-des-po.fr\/index.php\/wp-json\/wp\/v2\/media?parent=29"}],"curies":[{"name":"wp","href":"https:\/\/api.w.org\/{rel}","templated":true}]}}