{"id":25,"date":"2022-07-14T22:01:38","date_gmt":"2022-07-14T20:01:38","guid":{"rendered":"http:\/\/sasldeh.cluster030.hosting.ovh.net\/?page_id=25"},"modified":"2023-10-16T23:55:44","modified_gmt":"2023-10-16T21:55:44","slug":"personnalites-marquantes","status":"publish","type":"page","link":"https:\/\/sasl-des-po.fr\/index.php\/personnalites-marquantes\/","title":{"rendered":"Personnalit\u00e9s marquantes"},"content":{"rendered":"\n<figure class=\"wp-block-table\"><table><tbody><tr><td>Dans son histoire, la S.A.S.L.&nbsp;a compt\u00e9 des membres \u00e9minents par leurs travaux dans tous les domaines d\u2019activit\u00e9 que sugg\u00e8re son intitul\u00e9. Ils viennent de tous les horizons politiques.<br><br><strong>Les p\u00e8res fondateurs<\/strong><br><strong><a href=\"http:\/\/web.archive.org\/web\/20051119232032\/http:\/\/www.mediterranees.net\/biographies\/capeille\/jaubert_reart.html\">Joseph Jaubert de R\u00e9art<\/a><br><a href=\"http:\/\/web.archive.org\/web\/20051029215626\/http:\/\/www.mediterranees.net\/sasl\/articles\/farines.html\">Joseph Nabor Farines<\/a><\/strong><br><a href=\"http:\/\/web.archive.org\/web\/20051119123644\/http:\/\/www.mediterranees.net\/biographies\/capeille\/companyo.html\"><strong>Louis Companyo<\/strong><\/a><br>Paul Companyo<br><strong><a href=\"http:\/\/web.archive.org\/web\/20051030001444\/http:\/\/www.mediterranees.net\/biographies\/capeille\/puiggari_pierre.html\">Pierre Puiggari<\/a><br><a href=\"http:\/\/web.archive.org\/web\/20051029230816\/http:\/\/www.mediterranees.net\/biographies\/capeille\/renard.html\">Jean-Baptiste Renard de Saint-Malo<\/a><\/strong><br>Emmanuel Bonafos<br>Pierre-Fran\u00e7ois Capdebos<br><br><a href=\"http:\/\/web.archive.org\/web\/20051030001051\/http:\/\/www.mediterranees.net\/biographies\/capeille\/arago_francois.html\"><strong>Fran\u00e7ois Arago<\/strong><\/a>&nbsp;a \u00e9t\u00e9 \u00e9lu pr\u00e9sident d&rsquo;honneur \u00e0 vie en tant que repr\u00e9sentant \u00e9minent \u00e0 Paris de l&rsquo;\u00e9lite roussillonnaise.<br><br>Seul&nbsp;<a href=\"http:\/\/web.archive.org\/web\/20051030000435\/http:\/\/www.mediterranees.net\/biographies\/capeille\/jaubert_passa.html\"><strong>Fran\u00e7ois Jaubert de Passa<\/strong><\/a>&nbsp;manque \u00e0 l&rsquo;appel mais ralliera la Soci\u00e9t\u00e9 en 1848.<\/td><td><br><br><br><br><br><img loading=\"lazy\" decoding=\"async\" width=\"200\" height=\"302\" class=\"wp-image-128\" style=\"width: 200px;\" src=\"http:\/\/sasldeh.cluster030.hosting.ovh.net\/wp-content\/uploads\/2022\/07\/Arago.jpg\" alt=\"\" srcset=\"https:\/\/sasl-des-po.fr\/wp-content\/uploads\/2022\/07\/Arago.jpg 250w, https:\/\/sasl-des-po.fr\/wp-content\/uploads\/2022\/07\/Arago-198x300.jpg 198w\" sizes=\"auto, (max-width: 200px) 100vw, 200px\" \/><\/td><\/tr><\/tbody><\/table><\/figure>\n\n\n\n<figure class=\"wp-block-table\"><table><tbody><tr><td><strong>Les catalanistes<br><\/strong><a href=\"http:\/\/web.archive.org\/web\/20051119170031\/http:\/\/www.mediterranees.net\/biographies\/capeille\/saisset.html\"><strong>Albert Saisset<\/strong><\/a><br><a href=\"http:\/\/web.archive.org\/web\/20051029232307\/http:\/\/www.mediterranees.net\/biographies\/capeille\/pepratx.html\"><strong>Justin Pepratx<\/strong><\/a><br>Jules Delpont<br>Charles Grando<br>Michel Dessege<br>Henri Guiter<br>Pep Vila<br>Christian Camps<br>Jordi Pere Cerd\u00e0<\/td><td><strong>La tradition historique<\/strong><br><a href=\"http:\/\/web.archive.org\/web\/20051029210604\/http:\/\/www.mediterranees.net\/biographies\/capeille\/bonnefoy.html\"><strong>Louis de Bonnefoy<\/strong><\/a><br><a href=\"http:\/\/web.archive.org\/web\/20051029210604\/http:\/\/www.mediterranees.net\/biographies\/capeille\/alart.html\"><strong>Bernard Alart<\/strong><\/a><br>D.M.J.Henry<br>Auguste Brutails<br>Joseph Calmette<br>Emile Desplanque<br><a href=\"http:\/\/web.archive.org\/web\/20051029210604\/http:\/\/www.mediterranees.net\/sasl\/articles\/vidal.html\"><strong>Pierre Vidal<\/strong><\/a><br><a href=\"http:\/\/web.archive.org\/web\/20051029210604\/http:\/\/www.mediterranees.net\/sasl\/articles\/aragon.html\"><strong>Henry Aragon<\/strong><\/a><br>Vassal-Reig<br>L\u2019abb\u00e9 Torreilles<br>Bernard Pallustre<br><a href=\"http:\/\/web.archive.org\/web\/20051029210604\/http:\/\/www.mediterranees.net\/sasl\/articles\/ponsich.html\"><strong>Pierre Ponsich<\/strong><\/a><br>L&rsquo;abb\u00e9 Eug\u00e8ne Cortade<br>Mathias Delcor<br>Jean-Gabriel Gigot<br>Michel Brunet<br>M. Gouges<br>.<\/td><td><strong>Les pr\u00eatres \u00e9rudits<br><\/strong>L&rsquo;abb\u00e9 Eug\u00e8ne Cortade<br>L&rsquo;abb\u00e9 Jean Capeille<br>L\u2019abb\u00e9 Torreilles<br>Mgr de Carsalade du Pont <br><br><strong>Les arch\u00e9ologues<\/strong><br>Georges Claustres<br>Louis de No\u00ebll<br><\/td><\/tr><tr><td><strong>Les historiens de l&rsquo;art<\/strong><br>Marcel Durliat<br><a href=\"http:\/\/web.archive.org\/web\/20051029210604\/http:\/\/www.mediterranees.net\/sasl\/articles\/bailbe.html\"><strong>No\u00ebl Bailb\u00e9<\/strong> <\/a><br><br><br><strong>Les musiciens<\/strong><br>Jacques de No\u00ebll<\/td><td><strong>Les naturalistes<\/strong><br>Georges Bassouls<br>Pierre Chambeu<br>L\u00e9on Conill<br>Charles Dep\u00e9ret<br>Albert Donnezan<br>Gaston Gauthier<br>Octave Mengel<br>Pierre Pelet<br>Simon Pons<br>Casimir Roumegu\u00e8re<br><br><strong>Les mycologues<\/strong><br>E.Jacquetant<\/td><td><strong>Et encore dans divers domaines&#8230;<\/strong><br>Georges Sorel<br>Albert Bausil<br>Fran\u00e7ois Tresserre<\/td><\/tr><\/tbody><\/table><\/figure>\n","protected":false},"excerpt":{"rendered":"<p>Dans son histoire, la S.A.S.L.&nbsp;a compt\u00e9 des membres \u00e9minents par leurs travaux dans tous les domaines d\u2019activit\u00e9 que sugg\u00e8re son intitul\u00e9. Ils viennent de tous les horizons politiques. Les p\u00e8res fondateursJoseph Jaubert de R\u00e9artJoseph Nabor FarinesLouis CompanyoPaul CompanyoPierre PuiggariJean-Baptiste Renard de Saint-MaloEmmanuel BonafosPierre-Fran\u00e7ois Capdebos Fran\u00e7ois Arago&nbsp;a \u00e9t\u00e9 \u00e9lu pr\u00e9sident d&rsquo;honneur \u00e0 vie en tant que &hellip; <a href=\"https:\/\/sasl-des-po.fr\/index.php\/personnalites-marquantes\/\" class=\"more-link\">Continuer la lecture de <span class=\"screen-reader-text\">Personnalit\u00e9s marquantes<\/span><\/a><\/p>\n","protected":false},"author":1,"featured_media":0,"parent":0,"menu_order":0,"comment_status":"closed","ping_status":"closed","template":"","meta":{"footnotes":""},"class_list":["post-25","page","type-page","status-publish","hentry"],"_links":{"self":[{"href":"https:\/\/sasl-des-po.fr\/index.php\/wp-json\/wp\/v2\/pages\/25","targetHints":{"allow":["GET"]}}],"collection":[{"href":"https:\/\/sasl-des-po.fr\/index.php\/wp-json\/wp\/v2\/pages"}],"about":[{"href":"https:\/\/sasl-des-po.fr\/index.php\/wp-json\/wp\/v2\/types\/page"}],"author":[{"embeddable":true,"href":"https:\/\/sasl-des-po.fr\/index.php\/wp-json\/wp\/v2\/users\/1"}],"replies":[{"embeddable":true,"href":"https:\/\/sasl-des-po.fr\/index.php\/wp-json\/wp\/v2\/comments?post=25"}],"version-history":[{"count":9,"href":"https:\/\/sasl-des-po.fr\/index.php\/wp-json\/wp\/v2\/pages\/25\/revisions"}],"predecessor-version":[{"id":887,"href":"https:\/\/sasl-des-po.fr\/index.php\/wp-json\/wp\/v2\/pages\/25\/revisions\/887"}],"wp:attachment":[{"href":"https:\/\/sasl-des-po.fr\/index.php\/wp-json\/wp\/v2\/media?parent=25"}],"curies":[{"name":"wp","href":"https:\/\/api.w.org\/{rel}","templated":true}]}}