{"id":24,"date":"2022-07-14T22:01:38","date_gmt":"2022-07-14T20:01:38","guid":{"rendered":"http:\/\/sasldeh.cluster030.hosting.ovh.net\/?page_id=24"},"modified":"2025-10-01T17:40:11","modified_gmt":"2025-10-01T15:40:11","slug":"bureau-et-conseil-dadministration","status":"publish","type":"page","link":"https:\/\/sasl-des-po.fr\/index.php\/bureau-et-conseil-dadministration\/","title":{"rendered":"Bureau et Conseil d&rsquo;administration 2025-2027"},"content":{"rendered":"\n<p>Lors de son Assembl\u00e9e g\u00e9n\u00e9rale du 17 septembre 2025, la SASL a renouvel\u00e9 ses administrateurs. Nous vous pr\u00e9sentons ici les membres du Bureau et du Conseil d\u2019Administration. Les membres de ces deux instances sont \u00e9lus pour deux ans, soit jusqu\u2019au 17 septembre 2027.<\/p>\n\n\n\n<p>Nous mettrons bient\u00f4t en ligne, dans la version d\u00e9finitive de notre site, les biographies et bibliographies des membres du Bureau et du Conseil d\u2019administration<\/p>\n\n\n\n<p><\/p>\n\n\n\n<hr class=\"wp-block-separator has-alpha-channel-opacity\"\/>\n\n\n\n<p><strong><u>Bureau<\/u><\/strong><\/p>\n\n\n\n<p><strong>Pr\u00e9sident&nbsp;: <\/strong>Sylvain Chevauch\u00e9, <em>archiviste pal\u00e9ographe<\/em><\/p>\n\n\n\n<p><strong>Secr\u00e9taire g\u00e9n\u00e9ral&nbsp;: <\/strong>Justin Guibert, <em>docteur en pr\u00e9histoire<\/em><\/p>\n\n\n\n<p><strong>Secr\u00e9taire g\u00e9n\u00e9ral adjoint :<\/strong> Gaud\u00e9rique Plas, <em>mast\u00e9rant en histoire<\/em><\/p>\n\n\n\n<div class=\"wp-block-group is-vertical is-layout-flex wp-container-core-group-is-layout-8cf370e7 wp-block-group-is-layout-flex\">\n<p><strong>Vice-pr\u00e9sident\u00a0:<\/strong> Pierre Coureux, <em>docteur en \u00e9tudes am\u00e9ricaines<\/em><\/p>\n<\/div>\n\n\n\n<p><strong>Vice-pr\u00e9sidente :<\/strong> Clarisse Requena, <em>docteur \u00e8s-lettres<\/em><\/p>\n\n\n\n<p><strong>Tr\u00e9sorier&nbsp;: <\/strong>Jacques de Nuc\u00e9 de Lamothe, <em>expert-comptable et commissaire aux comptes<\/em><\/p>\n\n\n\n<p><strong>Archiviste-Biblioth\u00e9caire :<\/strong> Sophie Milard, <em>ma\u00eetresse en histoire contemporaine, archiviste<\/em><\/p>\n\n\n\n<p><strong>Membre du bureau<\/strong> : Laurent Fonquernie, <em>ma\u00eetre en histoire, guide-conf\u00e9rencier<\/em><\/p>\n\n\n\n<p><strong>Membre du bureau&nbsp;: <\/strong>Brigitte B\u00e9lair, <em>biblioth\u00e9caire dipl\u00f4m\u00e9e<\/em><\/p>\n\n\n\n<hr class=\"wp-block-separator has-alpha-channel-opacity\"\/>\n\n\n\n<p><strong><u>Conseil d\u2019administration<\/u><\/strong><\/p>\n\n\n\n<div class=\"wp-block-group is-vertical is-layout-flex wp-container-core-group-is-layout-8cf370e7 wp-block-group-is-layout-flex\">\n<p>Brigitte B\u00e9lair, <em>biblioth\u00e9caire dipl\u00f4m\u00e9e<\/em><\/p>\n\n\n\n<p>Georges Castellvi, <em>docteur en histoire des civilisations<\/em><\/p>\n\n\n\n<p>Sylvain Chevauch\u00e9, <em>archiviste pal\u00e9ographe<\/em><\/p>\n\n\n\n<p>Pierre Coureux, <em>docteur en \u00e9tudes am\u00e9ricaines<\/em><\/p>\n\n\n\n<p>Laurent Fonquernie, <em>ma\u00eetre en histoire, guide-conf\u00e9rencier<\/em><\/p>\n\n\n\n<p>Justin Guibert, <em>docteur en pr\u00e9histoire<\/em><\/p>\n\n\n\n<p>Aurian Meunier, <em>docteur en histoire moderne<\/em><\/p>\n\n\n\n<p>Sophie Milard, <em>ma\u00eetresse en histoire contemporaine, archiviste<\/em><\/p>\n\n\n\n<p>Jacques de Nuc\u00e9 de Lamothe, <em>expert-comptable et commissaire aux comptes<\/em><\/p>\n\n\n\n<p>Gaud\u00e9rique Plas, <em>mast\u00e9rant en histoire<\/em><\/p>\n\n\n\n<p>Clarisse Requena, <em>docteur \u00e8s-lettres<\/em><\/p>\n<\/div>\n","protected":false},"excerpt":{"rendered":"<p>Lors de son Assembl\u00e9e g\u00e9n\u00e9rale du 17 septembre 2025, la SASL a renouvel\u00e9 ses administrateurs. Nous vous pr\u00e9sentons ici les membres du Bureau et du Conseil d\u2019Administration. Les membres de ces deux instances sont \u00e9lus pour deux ans, soit jusqu\u2019au 17 septembre 2027. Nous mettrons bient\u00f4t en ligne, dans la version d\u00e9finitive de notre site, &hellip; <a href=\"https:\/\/sasl-des-po.fr\/index.php\/bureau-et-conseil-dadministration\/\" class=\"more-link\">Continuer la lecture de <span class=\"screen-reader-text\">Bureau et Conseil d&rsquo;administration 2025-2027<\/span><\/a><\/p>\n","protected":false},"author":1,"featured_media":0,"parent":0,"menu_order":0,"comment_status":"closed","ping_status":"closed","template":"","meta":{"footnotes":""},"class_list":["post-24","page","type-page","status-publish","hentry"],"_links":{"self":[{"href":"https:\/\/sasl-des-po.fr\/index.php\/wp-json\/wp\/v2\/pages\/24","targetHints":{"allow":["GET"]}}],"collection":[{"href":"https:\/\/sasl-des-po.fr\/index.php\/wp-json\/wp\/v2\/pages"}],"about":[{"href":"https:\/\/sasl-des-po.fr\/index.php\/wp-json\/wp\/v2\/types\/page"}],"author":[{"embeddable":true,"href":"https:\/\/sasl-des-po.fr\/index.php\/wp-json\/wp\/v2\/users\/1"}],"replies":[{"embeddable":true,"href":"https:\/\/sasl-des-po.fr\/index.php\/wp-json\/wp\/v2\/comments?post=24"}],"version-history":[{"count":21,"href":"https:\/\/sasl-des-po.fr\/index.php\/wp-json\/wp\/v2\/pages\/24\/revisions"}],"predecessor-version":[{"id":1247,"href":"https:\/\/sasl-des-po.fr\/index.php\/wp-json\/wp\/v2\/pages\/24\/revisions\/1247"}],"wp:attachment":[{"href":"https:\/\/sasl-des-po.fr\/index.php\/wp-json\/wp\/v2\/media?parent=24"}],"curies":[{"name":"wp","href":"https:\/\/api.w.org\/{rel}","templated":true}]}}