{"id":204,"date":"2022-08-10T09:26:01","date_gmt":"2022-08-10T07:26:01","guid":{"rendered":"http:\/\/sasldeh.cluster030.hosting.ovh.net\/?page_id=204"},"modified":"2026-04-01T12:59:55","modified_gmt":"2026-04-01T10:59:55","slug":"evenements-passes","status":"publish","type":"page","link":"https:\/\/sasl-des-po.fr\/index.php\/evenements-passes\/","title":{"rendered":"Ev\u00e9nements pass\u00e9s"},"content":{"rendered":"\n<p><em>Nous vous proposons de t\u00e9l\u00e9charger les programmes des cycles pass\u00e9s : <\/em><\/p>\n\n\n\n<p><a href=\"http:\/\/sasldeh.cluster030.hosting.ovh.net\/wp-content\/uploads\/2022\/07\/SASL-Programme-2022-2023.pdf\" data-type=\"attachment\" data-id=\"193\">2022-2023<\/a><\/p>\n\n\n\n<p><a href=\"http:\/\/sasldeh.cluster030.hosting.ovh.net\/wp-content\/uploads\/2023\/07\/SASL-Programme-2023-2024.pdf\" data-type=\"attachment\" data-id=\"784\">2023-2024<\/a><\/p>\n\n\n\n<p><\/p>\n\n\n\n<p><em>Vous trouverez ci-dessous des \u00e9l\u00e9ments (textes, affiches, photographies&#8230;) relatifs \u00e0 nos \u00e9v\u00e9nements pass\u00e9s :<\/em><\/p>\n\n\n\n<p><a href=\"http:\/\/sasldeh.cluster030.hosting.ovh.net\/index.php\/213-2\/\" data-type=\"page\" data-id=\"213\"><strong>17 d\u00e9cembre 2021<\/strong> \u2013 17h<strong> \u2013<\/strong> L<em>e Pessebre unique de Sant Vicens : cr\u00e9ation, \u00e9volution<\/em>. Claire Bauby-Gasparian, c\u00e9ramiste \/ Ev\u00e9nement en ligne<\/a><\/p>\n\n\n\n<p><a href=\"http:\/\/sasldeh.cluster030.hosting.ovh.net\/index.php\/11-fevrier-2022-17h-18h-les-missions-cassini-premieres-ascensions-documentees-du-canigo-1700-1739-me-michel-bougain-avocat-honoraire-historien-cdm66\/\" data-type=\"page\" data-id=\"229\"><strong>11 f\u00e9vrier 2022<\/strong> \u2013 17h-18h<strong> \u2013<\/strong> <strong><em>Les missions Cassini, premi\u00e8res ascensions document\u00e9es du Canig\u00f3, 1700 &#8211; 1739<\/em><\/strong>. Me Michel Bougain, avocat honoraire, historien \/ CDM66<\/a><\/p>\n\n\n\n<p><a href=\"http:\/\/sasldeh.cluster030.hosting.ovh.net\/index.php\/11-mars-2022-17h-18h-le-traite-de-corbeil-barcelone-mai-juillet-1258-contexte-et-enjeux-rodrigue-treton-docteur-en-histoire-cdm66\/\" data-type=\"page\" data-id=\"246\"><strong>11 mars 2022<\/strong> \u2013 17h-18h<strong> \u2013<\/strong> <em><strong>Le trait\u00e9 de Corbeil-Barcelone (mai-juillet 1258), contexte et enjeux<\/strong><\/em>. Rodrigue Tr\u00e9ton, docteur en histoire \/ CDM66<\/a><\/p>\n\n\n\n<p><a href=\"http:\/\/sasldeh.cluster030.hosting.ovh.net\/index.php\/25-mars-2022-17h-18h-la-migraine-dr-marc-bailbe-neurologue-cdm66\/\" data-type=\"page\" data-id=\"261\"><strong>25 mars 2022 <\/strong>\u2013 17h-18h \u2013 <strong><em>La migraine<\/em><\/strong>. Dr Marc Bailb\u00e9, neurologue \/ CDM66<\/a><\/p>\n\n\n\n<p><a href=\"http:\/\/sasldeh.cluster030.hosting.ovh.net\/index.php\/18-juin-2022-11h30-presentation-du-bulletin-2020-2021-de-la-sasl-sant-vicens-40-rue-sant-vicens-perpignan\/\" data-type=\"page\" data-id=\"268\"><strong>18 juin 2022 \u2013 <\/strong>11h30 \u2013 <strong>Pr\u00e9sentation du Bulletin 2020-2021 de la SASL <\/strong>\/ Sant Vicens, 40, rue Sant Vicens, Perpignan.<\/a><\/p>\n\n\n\n<p><a href=\"http:\/\/sasldeh.cluster030.hosting.ovh.net\/index.php\/6-juillet-2022-18h30-20h-musiques-et-danses-du-virreinato-del-peru-au-xviiie-siecle-conference-dansee-teresita-campana-choregraphe-et-historienne-de-la-danse-centro-espagnol\/\" data-type=\"page\" data-id=\"290\"><strong>6 juillet 2022<\/strong> \u2013 18h30-20h \u2013 <strong><em>Musiques et danses du Virreinato del Per\u00fa au XVIII<sup>e<\/sup> si\u00e8cle<\/em><\/strong><em> <\/em>(conf\u00e9rence dans\u00e9e). Teresita Campana, chor\u00e9graphe et historienne de la danse \/ Centro Espagnol, 26 rue Jeanne d&rsquo;Arc, Perpignan.<\/a><\/p>\n\n\n\n<p><a href=\"http:\/\/sasldeh.cluster030.hosting.ovh.net\/index.php\/26-juillet-2022-18h-19h-legendes-et-mysteres-des-pyrenees-orientales-christian-doumergue-historien-de-lart-et-de-la-litterature-hotel-pams-18-rue-emile-zola-perpignan\/\" data-type=\"page\" data-id=\"371\"><strong>26 juillet 2022<\/strong> \u2013 18h-19h<strong>\u2013 <em>L\u00e9gendes et myst\u00e8res des Pyr\u00e9n\u00e9es-Orientales<\/em><\/strong><em>. <\/em>Christian Doumergue, historien de l&rsquo;art et de la litt\u00e9rature \/ H\u00f4tel Pams, 18 rue \u00c9mile-Zola, Perpignan.<\/a><\/p>\n\n\n\n<div class=\"wp-block-group\"><div class=\"wp-block-group__inner-container is-layout-flow wp-block-group-is-layout-flow\">\n<p><a href=\"http:\/\/sasldeh.cluster030.hosting.ovh.net\/index.php\/3-aout-2022-apres-midi-a-ille-sur-tet-ille-et-le-roussillon-a-lepoque-romantique\/\" data-type=\"page\" data-id=\"395\"><strong>3 ao\u00fbt 2022 <\/strong>\u2013 <strong>Apr\u00e8s-midi \u00e0 Ille-sur-Tet&nbsp;:<\/strong><\/a><\/p>\n\n\n\n<p><a href=\"http:\/\/sasldeh.cluster030.hosting.ovh.net\/index.php\/3-aout-2022-apres-midi-a-ille-sur-tet-ille-et-le-roussillon-a-lepoque-romantique\/\" data-type=\"page\" data-id=\"395\"><strong><em>Ille et le Roussillon \u00e0 l&rsquo;\u00e9poque romantique<\/em><\/strong> (parcours th\u00e9\u00e2tralis\u00e9 et guid\u00e9 dans le Vieil Ille). Laurent Fonquernie, Clarisse Requena et Alain Sanchez \u2013 D\u00e9part place del Ram, 16h30-17h30.&nbsp;<\/a><\/p>\n\n\n\n<p><a href=\"http:\/\/sasldeh.cluster030.hosting.ovh.net\/index.php\/3-aout-2022-apres-midi-a-ille-sur-tet-ille-et-le-roussillon-a-lepoque-romantique\/\" data-type=\"page\" data-id=\"395\"><strong><em>M\u00e9rim\u00e9e et Ille \u00e0 la lueur des derni\u00e8res d\u00e9couvertes<\/em><\/strong>.&nbsp; Clarisse Requena, docteur \u00e8s lettres \u2013 Maison du Comte, rue du Comte, 18h-18h35.<\/a><\/p>\n\n\n\n<p><em>Apr\u00e8s-midi organis\u00e9 en partenariat avec l&rsquo;association Ensemble aux Yeux de Tous, la mairie d&rsquo;Ille-sur-Tet et l&rsquo;association le Temps du Costume Roussillonnais.<\/em><\/p>\n\n\n\n<p><a href=\"http:\/\/sasldeh.cluster030.hosting.ovh.net\/index.php\/19-aout-2022-17h-18h-la-societe-agricole-scientifique-et-litteraire-des-pyrenees-orientales-une-sentinelle-dans-la-lutte-contre-le-phylloxera-la-politisation-de-la-submersi\/\" data-type=\"page\" data-id=\"541\"><strong>19 ao\u00fbt 2022<\/strong> \u2013 17h-18h \u2013<strong><em>La Soci\u00e9t\u00e9 Agricole, scientifique et Litt\u00e9raire des Pyr\u00e9n\u00e9es-Orientales, une sentinelle dans la lutte contre le phyllox\u00e9ra&nbsp;: la politisation de la submersion des vignes en Roussillon (1871-1885).<\/em><\/strong> Quentin Sint\u00e8s, dipl\u00f4m\u00e9 de master \/ CDM66<\/a><\/p>\n\n\n\n<p><a href=\"http:\/\/sasldeh.cluster030.hosting.ovh.net\/index.php\/15-septembre-2022-17h-18h-les-effets-de-la-concentration-dans-le-monde-de-limprimerie-edition-presse-librairie-en-france-jean-yves-mollier-professeur-duniversite-hotel\/\" data-type=\"page\" data-id=\"559\"><strong>15 septembre 2022 <\/strong>\u2013 17h-18h \u2013 <strong><em>Les effets de la concentration dans le monde de l&rsquo;imprimerie (\u00e9dition, presse, librairie) en France<\/em><\/strong><em>. <\/em>Jean-Yves Mollier, professeur d&rsquo;Universit\u00e9 \/ H\u00f4tel Pams, 18 rue \u00c9mile-Zola, Perpignan.<\/a><\/p>\n\n\n\n<p><a href=\"http:\/\/sasldeh.cluster030.hosting.ovh.net\/index.php\/24-septembre-2022-18h-19h-lhopital-des-pauvres-de-la-cite-delne-au-xviiie-siecle-thomas-marchal-doctorant-en-histoire-espace-gavroche-13-boulevard-voltaire-elne\/\" data-type=\"page\" data-id=\"566\"><strong>24 septembre 2022 <\/strong>\u2013 18h-19h \u2013 <strong><em>L&rsquo;h\u00f4pital des pauvres de la cit\u00e9 d&rsquo;Elne au XVIII<sup>e<\/sup> si\u00e8cle<\/em><\/strong>. Thomas Marchal, doctorant en histoire \/ Espace Gavroche, 13 boulevard Voltaire, Elne.<\/a><\/p>\n<\/div><\/div>\n\n\n\n<p><a href=\"http:\/\/sasldeh.cluster030.hosting.ovh.net\/index.php\/7-octobre-2022-17h-18h-henri-ey-1900-1977-medecin-psychiatre-et-philosophe-un-humaniste-catalan-dans-le-siecle-et-dans-lhistoire-dr-robert-michel-palem-medecin-psychiatre\/\" data-type=\"page\" data-id=\"578\"><strong>7 octobre 2022 <\/strong>\u2013 17h-18h \u2013 <strong><em>Henri Ey (1900-1977), m\u00e9decin psychiatre et philosophe. Un humaniste catalan dans le si\u00e8cle et dans l&rsquo;histoire<\/em><\/strong><em>. <\/em>Dr. Robert-Michel Palem, m\u00e9decin psychiatre \/ CDM66<\/a><\/p>\n\n\n\n<p><a href=\"http:\/\/sasldeh.cluster030.hosting.ovh.net\/index.php\/28-octobre-2022-17h-18h-claude-simon-et-andre-vick-mengus-matiere-photographique-et-affinites-primitivistes-laura-laborie-chercheuse-en-litterature-et-plasticienne-centre-dep\/\" data-type=\"page\" data-id=\"593\"><strong>28 octobre 2022 \u2013 17h-18h \u2013 <em>Claude Simon et Andr\u00e9 Vick-Mengus : mati\u00e8re photographique et affinit\u00e9s primitivistes<\/em>. <\/strong>Laura Laborie, chercheuse en litt\u00e9rature et plasticienne <strong>\/ <\/strong>CDM66<\/a><\/p>\n\n\n\n<p><strong><a href=\"http:\/\/sasldeh.cluster030.hosting.ovh.net\/index.php\/journees-detudes-2022-de-la-sasl-en-hommage-a-anny-de-pous\/\" data-type=\"page\" data-id=\"621\">22 octobre 2022 &#8211; 5 novembre 2022 &#8211; 12 novembre 2022 &#8211; Journ\u00e9es d&rsquo;\u00e9tudes 2022 de la SASL en hommage \u00e0 Anny de Pous<\/a><\/strong><\/p>\n\n\n\n<p><a href=\"http:\/\/sasldeh.cluster030.hosting.ovh.net\/index.php\/2022\/11\/24\/18-novembre-2022-participation-de-la-sasl-au-colloque-du-cths-retour-aux-sources-ou-refondation-reflexions-autour-des-missions-de-la-sasl-des-pyrenees-orientales-1833-2022-clarisse-requena\/\" data-type=\"post\" data-id=\"633\"><strong>18 novembre 2022 &#8211; Participation de la SASL au colloque du CTHS <em>&#8211; Retour aux sources ou refondation ? R\u00e9flexions autour des missions de la SASL des Pyr\u00e9n\u00e9es-Orientales (1833-2022&#8230;)<\/em>, <\/strong>Clarisse Requena et Sylvain C<strong>hevauch\u00e9<\/strong><\/a><\/p>\n\n\n\n<p><a href=\"http:\/\/sasldeh.cluster030.hosting.ovh.net\/index.php\/9-decembre-2022-17h-18h-la-manipulation-de-la-presse-de-province-sous-loccupation-gerard-bonet-docteur-en-histoire\/\" data-type=\"page\" data-id=\"706\"><strong>9 d\u00e9cembre 2022 \u2013 17h-18h \u2013 La manipulation de la presse de province sous l&rsquo;Occupation. <\/strong>G\u00e9rard Bonet, docteur en histoire<\/a> \/ CDM66<\/p>\n\n\n\n<p><a href=\"http:\/\/sasldeh.cluster030.hosting.ovh.net\/index.php\/23-decembre-2022-noel-de-la-sasl-apres-midi-a-sant-vicens-domaine-de-sant-vicens-perpignan\/\" data-type=\"page\" data-id=\"714\"><strong>23 d\u00e9cembre 2022 \u2013 No\u00ebl de la SASL &#8211; Apr\u00e8s-midi \u00e0 Sant Vicens (Domaine de Sant Vicens, Perpignan)&nbsp;:&nbsp;Visite guid\u00e9e et pr\u00e9sentation des cr\u00e9ations actuelles.&nbsp; Claire Bauby, c\u00e9ramiste \u2013 18h-19h. Le Pessebre de Sant Vicens (conf\u00e9rence). Enric Benavent Vall\u00e8s, professeur d\u2019Universit\u00e9 \u2013 19h-20h.<\/strong><\/a><\/p>\n\n\n\n<p><strong><a href=\"http:\/\/sasldeh.cluster030.hosting.ovh.net\/index.php\/13-janvier-2023-17h-18h-la-colonie-miniere-de-la-pinosa-une-nouvelle-vie-pour-un-site-multi-patrimonial-charlotte-besombes-chargee-de-mission-au-syndicat-mixte-canigo-grand-site\/\" data-type=\"page\" data-id=\"750\">13 janvier 2023 \u2013 17h-18h \u2013 <em>La colonie mini\u00e8re de la Pinosa, une nouvelle vie pour un site multi-patrimonial<\/em>. <\/a><\/strong><a href=\"http:\/\/sasldeh.cluster030.hosting.ovh.net\/index.php\/13-janvier-2023-17h-18h-la-colonie-miniere-de-la-pinosa-une-nouvelle-vie-pour-un-site-multi-patrimonial-charlotte-besombes-chargee-de-mission-au-syndicat-mixte-canigo-grand-site\/\" data-type=\"page\" data-id=\"750\">Charlotte Besombes, charg\u00e9e de mission au Syndicat mixte Canig\u00f3 Grand Site (SMCGS) et Daniel Baux, maire de La Bastide et vice-pr\u00e9sident du SMCGS<\/a> \/ CDM66<\/p>\n\n\n\n<p><a href=\"http:\/\/sasldeh.cluster030.hosting.ovh.net\/index.php\/2023\/03\/06\/27-janvier-2023-17h-18h-francisco-vilar-un-notari-cereta-al-cor-del-segle-xvii-entre-guerra-pesta-immigracio-problemes-socioeconomics-com-avui-conference-en-catal\/\" data-type=\"post\" data-id=\"767\"><strong>27 janvier 2023<\/strong> \u2013 17h-18h \u2013 <strong><em>Francisco Vilar. Un notari ceret\u00e0 al cor del segle XVII, entre guerra, pesta, immigraci\u00f3, problemes socioecon\u00f2mics\u2026. com avui !<\/em><\/strong> (conf\u00e9rence en catalan). Joan Peytav\u00ed Deixona, professeur d&rsquo;Universit\u00e9 \/ CDM66<\/a><\/p>\n\n\n\n<p><a href=\"http:\/\/sasldeh.cluster030.hosting.ovh.net\/index.php\/2023\/03\/06\/10-fevrier-2023-17h-18h-la-porte-du-jardin-botanique-de-luniversite-de-perpignan-par-antoine-genton-1767-un-document-iconographique-inedit-jerome-montcouquiol-historie\/\" data-type=\"post\" data-id=\"763\"><strong>10 f\u00e9vrier 2023<\/strong> \u2013 17h-18h \u2013 <strong><em>La porte du Jardin botanique de l&rsquo;Universit\u00e9 de Perpignan par Antoine Genton (1767). Un document iconographique in\u00e9dit<\/em><\/strong>.&nbsp; J\u00e9r\u00f4me Montcouquiol, historien de l&rsquo;art \/ CDM66<\/a><\/p>\n\n\n\n<p><a href=\"https:\/\/sasldeh.cluster030.hosting.ovh.net\/index.php\/21-avril-2023-17h-18h-larn-messager-de-lhypothese-jusquaux-vaccins-michel-delseny-membre-de-lacademie-des-sciences-cdm66\/\" data-type=\"page\" data-id=\"809\"><strong>21 avril 2023<\/strong> \u2013 17h-18h \u2013 <strong><em>L&rsquo;ARN messager, de l&rsquo;hypoth\u00e8se jusqu\u2019aux vaccins<\/em><\/strong><em>.<\/em> Michel Delseny, membre de l&rsquo;Acad\u00e9mie des Sciences \/ CDM66<\/a><\/p>\n\n\n\n<p><a href=\"https:\/\/sasldeh.cluster030.hosting.ovh.net\/index.php\/26-mai-2023-17h-18h-homenatge-a-renada-laura-portet-linguista-novel%c2%b7lista-i-poeta-secretaria-general-de-la-sasl-2021-conference-en-catalan-pere-manzanares-pedagogue\/\" data-type=\"page\" data-id=\"812\"><strong>26 mai 2023<\/strong> \u2013 17h-18h \u2013 <strong><em>Homenatge a Renada Laura Portet,<\/em><\/strong> <strong><em>ling\u00fcista, novel\u00b7lista i poeta, secret\u00e0ria general de la SASL (+2021)<\/em><\/strong> (conf\u00e9rence en catalan).Pere Manzanares, p\u00e9dagogue, fondateur des associations \u00ab&nbsp;La Bressola&nbsp;\u00bb et \u00ab&nbsp;Arrels&nbsp;\u00bb \/ CDM66<\/a><\/p>\n\n\n\n<p><a href=\"https:\/\/sasldeh.cluster030.hosting.ovh.net\/index.php\/16-juin-2023-17h-18h-autour-de-quelques-contrats-inedits-dorfevrerie-perpignanaise-guillem-dalmau-doctorant-en-histoire-cdm66\/\" data-type=\"page\" data-id=\"819\"><strong>16 juin 2023 <\/strong>\u2013 17h-18h \u2013 <strong><em>Autour de quelques contrats in\u00e9dits d&rsquo;orf\u00e8vrerie perpignanaise<\/em><\/strong><em>. <\/em>Guillem Dalmau, doctorant en histoire<em> \/ <\/em>Hall Guy Mal\u00e9<\/a><\/p>\n\n\n\n<p><a href=\"http:\/\/sasldeh.cluster030.hosting.ovh.net\/wp-content\/uploads\/2023\/08\/357570018_803274904517843_4490235201826275843_n.jpg\" data-type=\"link\" data-id=\"http:\/\/sasldeh.cluster030.hosting.ovh.net\/wp-content\/uploads\/2023\/08\/357570018_803274904517843_4490235201826275843_n.jpg\"><strong>7 juillet 2023<\/strong> &#8211; 21h &#8211; <em><strong>Sur les traces de Prosper M\u00e9rim\u00e9e<\/strong><\/em>. (parcours th\u00e9\u00e2tralis\u00e9 dans le centre ancien). Clarisse Requena, docteur \u00e8s lettres, en collaboration avec le Temps du Costume Roussillonnais \/ Perpignan, d\u00e9part place Gambetta<\/a><\/p>\n\n\n\n<p><a href=\"http:\/\/sasldeh.cluster030.hosting.ovh.net\/wp-content\/uploads\/2023\/07\/affiche_conf_BOUGAIN_SASL_2023-1.jpg\" data-type=\"link\" data-id=\"http:\/\/sasldeh.cluster030.hosting.ovh.net\/wp-content\/uploads\/2023\/07\/affiche_conf_BOUGAIN_SASL_2023-1.jpg\"><strong>29 juillet 2023<\/strong> &#8211; 18h &#8211; <em><strong>Loi Stratae et loi Camini et Strate, deux articles des usages mill\u00e9naires de Barcelone qui persistent \u00e0 r\u00e9gir les chemins des Pyr\u00e9n\u00e9es-Orientales<\/strong><\/em>. Michel Bougain, avocat honoraire et historien \/ Ille-sur-T\u00eat, Espace M\u00e9rim\u00e9e\/Maison du Comte, 4 rue du Jeu de Paume<\/a>.<\/p>\n\n\n\n<p><a href=\"http:\/\/sasldeh.cluster030.hosting.ovh.net\/wp-content\/uploads\/2023\/07\/affiche_visite_TAUTAVEL_SASL_2023.jpg\" data-type=\"link\" data-id=\"http:\/\/sasldeh.cluster030.hosting.ovh.net\/wp-content\/uploads\/2023\/07\/affiche_visite_TAUTAVEL_SASL_2023.jpg\"><strong>4 ao\u00fbt 2023<\/strong> &#8211; 10h &#8211; <strong><em>1828-2023 : deux si\u00e8cles de recherches \u00e0 la Caune de l&rsquo;Arago<\/em><\/strong> (visite du Centre Europ\u00e9en de Recherches Pr\u00e9historiques de Tautavel). Cl\u00e9ment M\u00e9nard, docteur en Pr\u00e9histoire et directeur de l&rsquo;EPCC CERP Tautavel \/ Tautavel, avenue L\u00e9on-Jean Gr\u00e9gory<\/a>.<\/p>\n\n\n\n<p><a href=\"http:\/\/sasldeh.cluster030.hosting.ovh.net\/wp-content\/uploads\/2023\/08\/affiche_conf_FONQUERNIE_et_PERICOT_SASL_2023.jpg\" data-type=\"link\" data-id=\"http:\/\/sasldeh.cluster030.hosting.ovh.net\/wp-content\/uploads\/2023\/08\/affiche_conf_FONQUERNIE_et_PERICOT_SASL_2023.jpg\"><strong>8 septembre 2023 <\/strong>&#8211; 17h30 &#8211; <strong><em>Le style n\u00e9o-catalan dans la construction en Roussillon et Conflent (1910-1940)<\/em><\/strong>. Laurent Fonquernie, historien, et R\u00e9gis P\u00e9ricot, architecte \/ Hall Guy Mal\u00e9<\/a>.<\/p>\n\n\n\n<p><a href=\"http:\/\/sasldeh.cluster030.hosting.ovh.net\/wp-content\/uploads\/2023\/09\/A3-SASL-SABATINI-version-light.jpg\" data-type=\"link\" data-id=\"http:\/\/sasldeh.cluster030.hosting.ovh.net\/wp-content\/uploads\/2023\/09\/A3-SASL-SABATINI-version-light.jpg\"><strong>28 septembre 2023<\/strong> &#8211; 18h30 &#8211; <strong><em>La \u00ab\u00a0Bande des artistes roussillonnais\u00a0\u00bb \u00e0 Fontfroide. <\/em><\/strong>Fr\u00e9d\u00e9ric Sabatini, historien de l&rsquo;art \/ Perpignan, M\u00e9diath\u00e8que.<\/a><\/p>\n\n\n\n<p><a href=\"http:\/\/sasldeh.cluster030.hosting.ovh.net\/wp-content\/uploads\/2023\/10\/Copie-de-Noir-Bleu-Jaune-Moderne-Blocs-Urgence-Coordonnees-Paix-Affiche.jpg\" data-type=\"link\" data-id=\"http:\/\/sasldeh.cluster030.hosting.ovh.net\/wp-content\/uploads\/2023\/10\/Copie-de-Noir-Bleu-Jaune-Moderne-Blocs-Urgence-Coordonnees-Paix-Affiche.jpg\"><strong>13 octobre 2023 <\/strong>&#8211; 17h30 &#8211; <strong><em>L&rsquo;\u00e9glise abbatiale Sant Quirc de Colera. L&rsquo;architecture confront\u00e9e \u00e0 la documentation \u00e9crite.<\/em><\/strong> Andr\u00e9 Bonnery, docteur d&rsquo;\u00c9tat en Histoire \/ Hall Guy Mal\u00e9<\/a>.<\/p>\n\n\n\n<p><a href=\"http:\/\/sasldeh.cluster030.hosting.ovh.net\/wp-content\/uploads\/2023\/10\/Invitation-Can-Day-21-octobre-2023.png\" data-type=\"link\" data-id=\"http:\/\/sasldeh.cluster030.hosting.ovh.net\/wp-content\/uploads\/2023\/10\/Invitation-Can-Day-21-octobre-2023.png\"><strong>21 octobre 2023<\/strong> &#8211; 15h &#8211; <strong><em>Pr\u00e9sentation du bulletin 2022-2023 consacr\u00e9 aux Actes des Journ\u00e9es d&rsquo;\u00e9tudes 2022 de la SASL en hommage \u00e0 Anny de Pous<\/em><\/strong>. H\u00f4tel le Roussillon (Ch\u00e2teau de Can Day) \/ Am\u00e9lie-les-Bains-Palalda<\/a>.<\/p>\n\n\n\n<p><a href=\"http:\/\/sasldeh.cluster030.hosting.ovh.net\/wp-content\/uploads\/2023\/10\/A3-SASL-MAURICE-scaled.jpg\" data-type=\"link\" data-id=\"http:\/\/sasldeh.cluster030.hosting.ovh.net\/wp-content\/uploads\/2023\/10\/A3-SASL-MAURICE-scaled.jpg\"><strong>26 octobre 2023<\/strong> &#8211; 18h30 &#8211; <em><strong>Femmes dipl\u00f4m\u00e9es et couples dans les classes populaires. <\/strong><\/em>Roxanne Maurice, dipl\u00f4m\u00e9e de master sociologie \/ Perpignan, M\u00e9diath\u00e8que.<\/a><\/p>\n\n\n\n<p><a href=\"http:\/\/sasldeh.cluster030.hosting.ovh.net\/wp-content\/uploads\/2023\/11\/affiche_conf_LENFANT_nov2023.jpg\" data-type=\"link\" data-id=\"http:\/\/sasldeh.cluster030.hosting.ovh.net\/wp-content\/uploads\/2023\/11\/affiche_conf_LENFANT_nov2023.jpg\"><strong>24 novembre 2023<\/strong> &#8211; 17h30 &#8211; <strong><em>Mise en place d&rsquo;une aire marine prot\u00e9g\u00e9e : quels effets \u00e9cologiques sur la biodiversit\u00e9 marine et les activit\u00e9s humaines ?<\/em><\/strong> Philippe Lenfant, professeur d&rsquo;Universit\u00e9 en biologie \/ Hall Guy Mal\u00e9.<\/a><\/p>\n\n\n\n<p><a href=\"http:\/\/sasldeh.cluster030.hosting.ovh.net\/wp-content\/uploads\/2023\/11\/Affiche_table-ronde_felibrige_2023.png\" data-type=\"link\" data-id=\"http:\/\/sasldeh.cluster030.hosting.ovh.net\/wp-content\/uploads\/2023\/11\/Affiche_table-ronde_felibrige_2023.png\"><strong>2 d\u00e9cembre 2023 <\/strong>&#8211; 11h &#8211; Table ronde <em><strong>\u00a0\u00bb \u00c0 170 ans, le F\u00e9librige n&rsquo;a pas encore tout dit !\u00a0\u00bb<\/strong><\/em> En pr\u00e9sence de Paulin Reynard, capouli\u00e9 et de l&rsquo;actuelle Reine du F\u00e9librige, Adeline Bascaules-Bedin \/ Perpignan, H\u00f4tel Pams (coorganis\u00e9e avec<em> l&rsquo;Institut du Grenat<\/em> et <em>le Temps du Costume Roussillonnais<\/em>)<\/a>.<\/p>\n\n\n\n<p><a href=\"http:\/\/sasldeh.cluster030.hosting.ovh.net\/wp-content\/uploads\/2023\/12\/affiche_conf_VIDAL_decembre-2023.png\" data-type=\"link\" data-id=\"http:\/\/sasldeh.cluster030.hosting.ovh.net\/wp-content\/uploads\/2023\/12\/affiche_conf_VIDAL_decembre-2023.png\"><strong>15 d\u00e9cembre 2023<\/strong> \u2013 17h30 \u2013 <strong><em>La fronti\u00e8re franco-hispanique, entre d\u00e9fense et passage : strat\u00e9gies familiales, collectives et individuelles (des ann\u00e9es 1560 aux ann\u00e9es 1630-1640).<\/em><\/strong> Galdric Vidal, doctorant en histoire moderne \/ Hall Guy Mal\u00e9.<\/a><\/p>\n\n\n\n<p><a href=\"http:\/\/sasldeh.cluster030.hosting.ovh.net\/wp-content\/uploads\/2024\/01\/affiche_conf_DESCLAUX_janv2024.jpg\" data-type=\"link\" data-id=\"http:\/\/sasldeh.cluster030.hosting.ovh.net\/wp-content\/uploads\/2024\/01\/affiche_conf_DESCLAUX_janv2024.jpg\"><strong>12 janvier 2024<\/strong> \u2013 17h30 <strong>\u2013 <em>Ascension sociale, opportunit\u00e9s ou r\u00e9elle strat\u00e9gie. L\u2019exemple de la famille Xanxo, marchands et bourgeois de Perpignan au XV\u00e8me et au XVI\u00e8me si\u00e8cle (1470-1530)<\/em><\/strong>. Bernard Desclaux, doctorant en histoire m\u00e9di\u00e9vale \/ Hall Guy Mal\u00e9.<\/a><\/p>\n\n\n\n<p><a href=\"http:\/\/sasldeh.cluster030.hosting.ovh.net\/wp-content\/uploads\/2024\/01\/A3-SASL-AURORE-TOUREILLE-scaled.jpg\" data-type=\"link\" data-id=\"http:\/\/sasldeh.cluster030.hosting.ovh.net\/wp-content\/uploads\/2024\/01\/A3-SASL-AURORE-TOUREILLE-scaled.jpg\"><strong>25 janvier 2024<\/strong> &#8211; 18h30 &#8211; <strong><em>L&rsquo;enseignement du dessin \u00e0 Perpignan au XIX\u00e8me si\u00e8cle<\/em>.<\/strong> Aurore Toureille, docteure en histoire de l&rsquo;art\/Perpignan, M\u00e9diath\u00e8que.<\/a><\/p>\n\n\n\n<p><a href=\"http:\/\/sasldeh.cluster030.hosting.ovh.net\/wp-content\/uploads\/2024\/02\/affiche_conf_JEZEGOU_fev2024-1.png\" data-type=\"link\" data-id=\"http:\/\/sasldeh.cluster030.hosting.ovh.net\/wp-content\/uploads\/2024\/02\/affiche_conf_JEZEGOU_fev2024-1.png\"><strong>9 f\u00e9vrier 2024<\/strong> \u2013 17h30 <strong>\u2013 <\/strong><em><strong>La vie<\/strong> <strong>quotidienne \u00e0 bord des navires dans l\u2019antiquit\u00e9 gr\u00e9co-romaine<\/strong><\/em>. Marie-Pierre J\u00e9z\u00e9gou, Ing\u00e9nieure d\u2019\u00e9tudes au DRASSM \/ Hall Guy Mal\u00e9.<\/a><\/p>\n\n\n\n<p><a href=\"http:\/\/sasldeh.cluster030.hosting.ovh.net\/wp-content\/uploads\/2024\/02\/A3-SASL-AYATS-scaled.jpg\" data-type=\"link\" data-id=\"http:\/\/sasldeh.cluster030.hosting.ovh.net\/wp-content\/uploads\/2024\/02\/A3-SASL-AYATS-scaled.jpg\"><strong>29 f\u00e9vrier 2024<\/strong> \u2013 18h30 <strong>\u2013 <\/strong><em><strong>L\u2019histoire du Roussillon : mythes, mensonges et parano<\/strong>.<\/em> Alain Ayats, docteur en histoire \/ M\u00e9diath\u00e8que.<\/a> <\/p>\n\n\n\n<p><a href=\"http:\/\/sasldeh.cluster030.hosting.ovh.net\/wp-content\/uploads\/2024\/03\/Affiche_conf_BALENT_I_PAYRE_mars2024.png\" data-type=\"link\" data-id=\"http:\/\/sasldeh.cluster030.hosting.ovh.net\/wp-content\/uploads\/2024\/03\/Affiche_conf_BALENT_I_PAYRE_mars2024.png\"><strong>8 mars 2024<\/strong> \u2013 17h30 <strong>\u2013 <em>Hist\u00f2ria i Llegenda. Els fonaments hist\u00f2rics del corpus llegendari de l\u2019Alt Conflent, de la Cerdanya i del Capcir.<\/em><\/strong> Andr\u00e9 Balent, historien et Didier Payr\u00e9, enseignant \/ Hall Guy Mal\u00e9.<\/a><\/p>\n\n\n\n<p><a href=\"http:\/\/sasldeh.cluster030.hosting.ovh.net\/wp-content\/uploads\/2024\/03\/affiche_conf_Iche_Rius_2024.png\" data-type=\"link\" data-id=\"http:\/\/sasldeh.cluster030.hosting.ovh.net\/wp-content\/uploads\/2024\/03\/affiche_conf_Iche_Rius_2024.png\"><strong>15 mars 2024<\/strong> \u2013 18h <strong>\u2013 <em>Robert Rius (1914-1944) et le surr\u00e9alisme.<\/em><\/strong><em> <\/em>Rose-H\u00e9l\u00e8ne Ich\u00e9, journaliste et historienne de l&rsquo;art \/ H\u00f4tel Pams, Perpignan.<\/a><\/p>\n\n\n\n<p><a href=\"http:\/\/sasldeh.cluster030.hosting.ovh.net\/wp-content\/uploads\/2024\/03\/affiche_conf_Castellvi_Kotarba_mars2024.png\" data-type=\"link\" data-id=\"http:\/\/sasldeh.cluster030.hosting.ovh.net\/wp-content\/uploads\/2024\/03\/affiche_conf_Castellvi_Kotarba_mars2024.png\"><strong>29 mars 2024<\/strong> \u2013 17h30 <strong>\u2013<\/strong><em><strong> Nouvelles donn\u00e9es autour de la Via Domitia en Roussillon (2012-2023).<\/strong> <\/em>Georges Castellvi et J\u00e9r\u00f4me Kotarba, arch\u00e9ologues \/ Hall Guy Mal\u00e9.<\/a><\/p>\n\n\n\n<p><a href=\"http:\/\/sasldeh.cluster030.hosting.ovh.net\/wp-content\/uploads\/2024\/04\/affiche_conf_ROQUES.png\" data-type=\"link\" data-id=\"http:\/\/sasldeh.cluster030.hosting.ovh.net\/wp-content\/uploads\/2024\/04\/affiche_conf_ROQUES.png\"><strong>4 avril 2024<\/strong> \u2013 18h30 <strong>\u2013 <\/strong><em><strong>Le portique d\u2019entr\u00e9e de l\u2019\u00e9glise Saint-Jacques : une \u0153uvre de l\u2019architecte Pons Descoyl ?<\/strong> <\/em>Ninon Roques, doctorante en histoire de l\u2019art et arch\u00e9ologie m\u00e9di\u00e9vale \/ M\u00e9diath\u00e8que.<\/a><\/p>\n\n\n\n<p><a href=\"http:\/\/sasldeh.cluster030.hosting.ovh.net\/wp-content\/uploads\/2024\/04\/FR_Facebook_SASL.jpg\"><strong>12 avril 2024<\/strong> \u2013 17h30 <strong>\u2013 <em>L&rsquo;aventure des radios libres en Pays catalan (conf\u00e9rence sonore et visuelle en catalan)<\/em> <\/strong>par<em> <\/em>Esteve Vaills, auteur et r\u00e9dacteur de presse \/ Hall Guy Mal\u00e9.<\/a><\/p>\n\n\n\n<p><a href=\"http:\/\/sasldeh.cluster030.hosting.ovh.net\/wp-content\/uploads\/2024\/04\/Biodiversite-marine-des-Pyrenees-Orientales-et-especes-non-indigenes-demelons-le-vrai-du-faux-2.png\" data-type=\"link\" data-id=\"http:\/\/sasldeh.cluster030.hosting.ovh.net\/wp-content\/uploads\/2024\/04\/Biodiversite-marine-des-Pyrenees-Orientales-et-especes-non-indigenes-demelons-le-vrai-du-faux-2.png\"><strong>26 avril 2024<\/strong> \u2013 17h30 <strong>\u2013 <em>Biodiversit\u00e9 marine des Pyr\u00e9n\u00e9es-Orientales et esp\u00e8ces non indig\u00e8nes : d\u00e9m\u00ealons le vrai du faux <\/em><\/strong>par<em> <\/em>Pascal Romans, conservateur du Biodiversarium, Observatoire Oc\u00e9anologique de Banyuls \/ Hall Guy Mal\u00e9.<\/a><\/p>\n\n\n\n<p><a href=\"http:\/\/sasldeh.cluster030.hosting.ovh.net\/wp-content\/uploads\/2024\/05\/affiche_conf_MEUNIER_mai2024.png\" data-type=\"link\" data-id=\"http:\/\/sasldeh.cluster030.hosting.ovh.net\/wp-content\/uploads\/2024\/05\/affiche_conf_MEUNIER_mai2024.png\"><strong>24 mai 2024<\/strong> \u2013 17h30 <strong>\u2013 <em>Fran<\/em>\u00e7<em>ois Millet i Catal\u00e0, une \u201cvie oubli\u00e9e\u201d \u00e0 Perpignan au XVII\u00e8me si\u00e8cle<\/em> <\/strong>par Aurian Meunier, doctorant en histoire moderne \/ Hall Guy Mal\u00e9<\/a>.<\/p>\n\n\n\n<p><a href=\"http:\/\/sasldeh.cluster030.hosting.ovh.net\/index.php\/28-juin-2024-17h30-crimes-de-miseres-et-crimes-contre-les-moeurs-femmes-victimes-ou-criminelles-dans-la-premiere-moitie-du-xviiieme-siecle-en-roussillon-parleonard-grenier-diplo\/\" data-type=\"page\" data-id=\"1038\"><strong>28 juin 2024<\/strong>&nbsp;\u2013 17h30&nbsp;<strong>\u2013&nbsp;<em>Crimes de mis\u00e8res et crimes contre les m\u0153urs&nbsp;: femmes victimes ou criminelles dans la premi\u00e8re moiti\u00e9 du XVIIIe si\u00e8cle en Roussillon<\/em><\/strong>. L\u00e9onard Grenier, dipl\u00f4m\u00e9 de master \/ Hall Guy Mal\u00e9.<\/a><\/p>\n\n\n\n<p><a href=\"http:\/\/sasldeh.cluster030.hosting.ovh.net\/wp-content\/uploads\/2024\/06\/20240708-Presentation-Exposition-Catalogne-Gitane-1.jpg\" data-type=\"link\" data-id=\"http:\/\/sasldeh.cluster030.hosting.ovh.net\/wp-content\/uploads\/2024\/06\/20240708-Presentation-Exposition-Catalogne-Gitane-1.jpg\"><strong>8 juillet 2024<\/strong> &#8211; 17h &#8211; <strong><em>\u00c0 120 ans de sa naissance (1904-2024) : pr\u00e9sentation et vernissage de l&rsquo;exposition \u00ab\u00a0Catalogne gitane\u00a0\u00bb, photographies d&rsquo;Andr\u00e9 Vick-Mengus, esth\u00e8te et d\u00e9fenseur du patrimoine.<\/em><\/strong> Florence Bourgoin-Codet, psychanalyste, ethnologue et Guy Bertrand, commissaire de l&rsquo;exposition \/ H\u00f4tel Pams.<\/a><\/p>\n\n\n\n<p><a href=\"http:\/\/sasldeh.cluster030.hosting.ovh.net\/wp-content\/uploads\/2024\/08\/20240817-Apres-Midi-Merimee-au-Monastir-del-Camp-1.jpg\" data-type=\"link\" data-id=\"http:\/\/sasldeh.cluster030.hosting.ovh.net\/wp-content\/uploads\/2024\/08\/20240817-Apres-Midi-Merimee-au-Monastir-del-Camp-1.jpg\"><strong>17 ao\u00fbt 2024 <\/strong>\u2013 <strong>Apr\u00e8s-midi au Monastir del Camp, Passa \u2013 <em>\u00ab&nbsp;Sur les traces de Prosper M\u00e9rim\u00e9e et Fran\u00e7ois Jaubert de Passa&nbsp;\u00bb<\/em><\/strong> &#8211; 17h &#8211;<strong><em> Prosper M\u00e9rimee et Fran\u00e7ois Jaubert de Passa&nbsp;: monuments historiques et litt\u00e9rature<\/em><\/strong>. Conf\u00e9rence par Clarisse Requena, docteur \u00e8s lettres &#8211; 17h45<strong><em> \u2013 M\u00e9rim\u00e9e et Jaubert de Passa&nbsp;: le soin des monuments<\/em><\/strong>.&nbsp; Olivier Poisson, conservateur g\u00e9n\u00e9ral du Patrimoine honoraire &#8211; 18h30 \u2013 <strong>Promenade costum\u00e9e dans la r\u00e9sidence priv\u00e9e d\u2019un agronome roussillonnais<\/strong> par le Temps du Costume roussillonnais, association ethnographique.<\/a><\/p>\n\n\n\n<p><a href=\"http:\/\/sasldeh.cluster030.hosting.ovh.net\/wp-content\/uploads\/2024\/09\/Affiche_prog_journee_SASL_Beziers.jpg\" data-type=\"link\" data-id=\"http:\/\/sasldeh.cluster030.hosting.ovh.net\/wp-content\/uploads\/2024\/09\/Affiche_prog_journee_SASL_Beziers.jpg\"><strong>7 septembre 2024 \u2013 <em>Journ\u00e9e de rencontre et d&rsquo;\u00e9tude entre la SASL des Pyr\u00e9n\u00e9es-Orientales et sa soeur la SASL de B\u00e9ziers<\/em><\/strong> \/ B\u00e9ziers, si\u00e8ge de la SASL de B\u00e9ziers, H\u00f4tel Berg\u00e9, 14 rue des docteurs Bourguet.<\/a><\/p>\n\n\n\n<p><a href=\"http:\/\/sasldeh.cluster030.hosting.ovh.net\/wp-content\/uploads\/2024\/09\/affiche_conf_visite_verrerie_sept2024.jpg\" data-type=\"link\" data-id=\"http:\/\/sasldeh.cluster030.hosting.ovh.net\/wp-content\/uploads\/2024\/09\/affiche_conf_visite_verrerie_sept2024.jpg\"><strong>13 septembre 2024 \u2013 Apr\u00e8s-midi d\u00e9couverte \u00e0 la verrerie de Saint-Andr\u00e9&nbsp;\u2013 \u201c<em>Du Moyen-\u00c2ge au XXIe si\u00e8cle, le verre dans les Alb\u00e8res et en Roussillon, histoire, technique et pratique<\/em>\u201d<\/strong> \u2013 visite d\u2019une verrerie et conf\u00e9rence avec le concours de <strong><em>Alb\u00e8res Verri\u00e8res<\/em><\/strong> \/ <strong>16h \u2013 Expos\u00e9 technique et d\u00e9monstration<\/strong>&nbsp;\u2013 par Fran\u00e7ois Brilliard, artisan verrier \/ <strong>18h \u2013 <em>L\u2019industrie du verre m\u00e9di\u00e9vale et moderne en Roussillon (XIIIe \u2013 XVIIe si\u00e8cle)<\/em>&nbsp;<\/strong>\u2013 Conf\u00e9rence par Jordi Mach, doctorant en histoire m\u00e9di\u00e9vale (pour des raisons mat\u00e9rielles, la conf\u00e9rence ne se fait pas \u00e0 la verrerie mais en mairie \/ salle du pr\u00e9au de la mairie de Saint-Andr\u00e9)<\/a><\/p>\n\n\n\n<p><a href=\"http:\/\/sasldeh.cluster030.hosting.ovh.net\/wp-content\/uploads\/2024\/09\/affiche_conf_PLOUX_sept2024.jpg\" data-type=\"link\" data-id=\"http:\/\/sasldeh.cluster030.hosting.ovh.net\/wp-content\/uploads\/2024\/09\/affiche_conf_PLOUX_sept2024.jpg\"><strong>27 septembre 2024 &#8211; 17h30 \u2013 <em>La diffusion des mat\u00e9riaux de construction italiques en Gaule narbonnaise : \u00e9tude comparative, des Alpes aux Pyr\u00e9n\u00e9es<\/em><\/strong>. Victor Ploux, doctorant contractuel en histoire romaine \/ Hall Guy Mal\u00e9.<\/a><\/p>\n\n\n\n<p><a href=\"http:\/\/sasldeh.cluster030.hosting.ovh.net\/wp-content\/uploads\/2024\/10\/affiche_conf_MOREL_oct2024.jpg\"><strong>11 octobre 2024 &#8211; 17h30 &#8211; <em>R\u00e9gionalisme : instrumentaliser la petite patrie contre la grande ?<\/em><\/strong> Benjamin Morel, universitaire, constitutionnaliste \/ Hall Guy Mal\u00e9.<\/a><\/p>\n\n\n\n<p><a href=\"http:\/\/sasldeh.cluster030.hosting.ovh.net\/wp-content\/uploads\/2024\/10\/affiche_conf_BARRERE_oct2024-1.jpg\" data-type=\"link\" data-id=\"http:\/\/sasldeh.cluster030.hosting.ovh.net\/wp-content\/uploads\/2024\/10\/affiche_conf_BARRERE_oct2024-1.jpg\"><strong>25 octobre 2024  \u00e0 17h30 \u2013 <em>Les transporteurs de Fontp\u00e9drouse , entre la fin du XVIIIe si\u00e8cle et le d\u00e9but du XXe si\u00e8cle<\/em><\/strong> par Adrien Barr\u00e8re, doctorant contractuel en histoire moderne \/ Hall Guy Mal\u00e9.<\/a><\/p>\n\n\n\n<p><a href=\"http:\/\/sasldeh.cluster030.hosting.ovh.net\/wp-content\/uploads\/2024\/11\/affiche_conf_FUSTER_nov2024.png\"><strong>15 novembre 2024  \u00e0 17h30 \u2013 <em>Les femmes de Byrrh : histoire d&rsquo;une entreprise et de ses acteurs<\/em><\/strong> par Rachel Fuster, dipl\u00f4m\u00e9e de master \/ Hall Guy-Mal\u00e9.<\/a><\/p>\n\n\n\n<p><a href=\"http:\/\/sasldeh.cluster030.hosting.ovh.net\/wp-content\/uploads\/2024\/11\/Affiche_FONQUERNIE_nov2024.png\" data-type=\"attachment\" data-id=\"1137\"><strong>29 novembre 2024 \u00e0 17h30 \u2013 Pr\u00e9sentation du livre, <\/strong><em><strong>La coiffe catalane : histoire, usage et symbole<\/strong> <\/em>par l\u2019auteur Laurent Fonquernie, historien \/ Hall Guy-Mal\u00e9.<\/a><\/p>\n\n\n\n<p><a href=\"http:\/\/sasldeh.cluster030.hosting.ovh.net\/wp-content\/uploads\/2024\/12\/affiche_conf_PEPRATX_dec2024-1.png\" data-type=\"link\" data-id=\"http:\/\/sasldeh.cluster030.hosting.ovh.net\/wp-content\/uploads\/2024\/12\/affiche_conf_PEPRATX_dec2024-1.png\"><strong>6 d\u00e9cembre 2024  \u00e0 17h30 \u2013 <\/strong><em><strong>La correspondance in\u00e9dite de Just\u00ed Pepraxt \u00e0 la SASL <\/strong><\/em>par N\u00faria Camps-Casals, Irene Solanich-Sanglas et M. \u00c0ngels Verdager-Pajerols, professeures \u00e0 l&rsquo;Universit\u00e9 de Vic &#8211; Universit\u00e9 Centrale de Catalogne \/ Hall Guy-Mal\u00e9.<\/a><\/p>\n\n\n\n<p><a href=\"http:\/\/sasldeh.cluster030.hosting.ovh.net\/wp-content\/uploads\/2025\/01\/Capture-decran-2025-01-17-a-00.45.35.png\"><strong>31 janvier 2025 \u00e0 17h30 \u2013 <\/strong><em><strong>Connaissances et croyances \u2013 D\u00e9m\u00ealer le vrai du faux<\/strong><\/em> par Yves Desdevises, directeur de l\u2019Observatoire oc\u00e9anologique de Banyuls-sur-Mer \/ Hall Guy-Mal\u00e9.<\/a><\/p>\n\n\n\n<p><a href=\"http:\/\/sasldeh.cluster030.hosting.ovh.net\/wp-content\/uploads\/2025\/02\/A3-SASL-GERARD-BONET-2-scaled.jpg\" data-type=\"link\" data-id=\"http:\/\/sasldeh.cluster030.hosting.ovh.net\/wp-content\/uploads\/2025\/02\/A3-SASL-GERARD-BONET-2-scaled.jpg\"><strong>13 f\u00e9vrier 2025 \u00e0 18h30 \u2013 <\/strong><em><strong>Si l\u2019Ind\u00e9pendant m\u2019\u00e9tait cont\u00e9\u2026\u00e0 travers quatre anniversaires et en images<\/strong><\/em> par G\u00e9rard Bonet, journaliste et docteur en histoire \/M\u00e9diath\u00e8que.<\/a><\/p>\n\n\n\n<p><a href=\"http:\/\/sasldeh.cluster030.hosting.ovh.net\/wp-content\/uploads\/2025\/02\/Capture-decran-2025-02-13-a-09.52.00.png\" data-type=\"link\" data-id=\"http:\/\/sasldeh.cluster030.hosting.ovh.net\/wp-content\/uploads\/2025\/02\/Capture-decran-2025-02-13-a-09.52.00.png\"><strong>21 f\u00e9vrier 2025 \u00e0 17h30 \u2013 <\/strong><em><strong>Il y a 500 000 ans en Roussillon. Recherche r\u00e9cente sur les comportements techno-\u00e9conomiques des groupes humains de la Caune de l\u2019Arago (Tautavel) <\/strong><\/em>par F\u00e9licien Capellari, docteur en pr\u00e9histoire \/ Hall Guy Mal\u00e9.<\/a><\/p>\n\n\n\n<p><a href=\"http:\/\/sasldeh.cluster030.hosting.ovh.net\/wp-content\/uploads\/2025\/02\/Capture-decran-2025-02-28-a-20.31.55.png\" data-type=\"link\" data-id=\"http:\/\/sasldeh.cluster030.hosting.ovh.net\/wp-content\/uploads\/2025\/02\/Capture-decran-2025-02-28-a-20.31.55.png\"><strong>14 mars 2025  \u00e0 17h30 \u2013 <\/strong><em><strong>Coup de chaud sur les coraux profonds <\/strong><\/em>par Franck Lartaud, directeur adjoint de l&rsquo;Observatoire Oc\u00e9anologique de Banyuls-sur-Mer \/ Hall Guy Mal\u00e9.<\/a><\/p>\n\n\n\n<p><a href=\"http:\/\/sasldeh.cluster030.hosting.ovh.net\/wp-content\/uploads\/2025\/03\/A3-SASL-CHRISTOPHE-JUHEL-LIGHT.jpg\" data-type=\"link\" data-id=\"http:\/\/sasldeh.cluster030.hosting.ovh.net\/wp-content\/uploads\/2025\/03\/A3-SASL-CHRISTOPHE-JUHEL-LIGHT.jpg\"><strong>03 avril 2025 \u00e0 18h30 \u2013 <\/strong><em><strong>De la difficult\u00e9 d&rsquo;exercer la justice criminelle au XVIIIe si\u00e8cle <\/strong><\/em>par Christophe Juhel, Professeur des Universit\u00e9s \/ M\u00e9diath\u00e8que de Perpignan.<\/a><\/p>\n\n\n\n<p><a href=\"http:\/\/sasldeh.cluster030.hosting.ovh.net\/wp-content\/uploads\/2025\/04\/affiche_conf_ROSTAIN-scaled.jpg\" data-type=\"link\" data-id=\"http:\/\/sasldeh.cluster030.hosting.ovh.net\/wp-content\/uploads\/2025\/04\/affiche_conf_ROSTAIN-scaled.jpg\"><strong>25 avril 2025 \u00e0 17h30 \u2013 <\/strong><em><strong>Les cit\u00e9s perdues d\u2019Amazonie<\/strong><\/em> par St\u00e9phen Rostain, Directeur de recherche au CNRS \/ Hall Guy Mal\u00e9.<\/a><\/p>\n\n\n\n<p><a href=\"http:\/\/sasldeh.cluster030.hosting.ovh.net\/wp-content\/uploads\/2025\/05\/493001638_3124865314335842_4842757033450960118_n.jpg\" data-type=\"link\" data-id=\"http:\/\/sasldeh.cluster030.hosting.ovh.net\/wp-content\/uploads\/2025\/05\/493001638_3124865314335842_4842757033450960118_n.jpg\"><strong>17 mai 2025 \u00e0 15h \u2013 <\/strong><em><strong>Apr\u00e8s-midi de conf\u00e9rences dans le cadre des Jeux floraux du Gen\u00eat d\u2019or<\/strong><\/em> en collaboration avec la Compagnie litt\u00e9raire du Gen\u00eat d\u2019Or, introduction par Madame Christine Payr\u00e9, pr\u00e9sidente de la Compagnie litt\u00e9raire du Gen\u00eat d\u2019Or et Monsieur Laurent Fonquernie, membre du bureau de la SASL \/ M\u00e9diath\u00e8que de Perpignan.<\/a><\/p>\n\n\n\n<p><a href=\"http:\/\/sasldeh.cluster030.hosting.ovh.net\/wp-content\/uploads\/2025\/06\/Capture-decran-2025-06-05-a-00.07.18-1.jpg\" data-type=\"link\" data-id=\"http:\/\/sasldeh.cluster030.hosting.ovh.net\/wp-content\/uploads\/2025\/06\/Capture-decran-2025-06-05-a-00.07.18-1.jpg\"><strong>20 juin 2025 \u00e0 17h30 \u2013 <\/strong><em><strong>Documenter le myst\u00e8re : aux sources de l&rsquo;\u00e9nigme du tr\u00e9sor de Rennes-le-Ch\u00e2teau <\/strong><\/em>par Christian Doumergue, historien de l&rsquo;art, \u00e9crivain \/ Hall Guy Mal\u00e9.<\/a><\/p>\n\n\n\n<p><a href=\"http:\/\/sasldeh.cluster030.hosting.ovh.net\/wp-content\/uploads\/2025\/09\/Copie-de-Copie-de-Copie-de-Copie-de-Copie-de-Biodiversite-marine-des-Pyrenees-Orientales-et-especes-non-indigenes-demelons-le-vrai-du-faux-1.png\" data-type=\"link\" data-id=\"http:\/\/sasldeh.cluster030.hosting.ovh.net\/wp-content\/uploads\/2025\/09\/Copie-de-Copie-de-Copie-de-Copie-de-Copie-de-Biodiversite-marine-des-Pyrenees-Orientales-et-especes-non-indigenes-demelons-le-vrai-du-faux-1.png\"><strong>04 octobre 2025 \u00e0 17h \u2013 <\/strong><em><strong>Le Roussillon de Jaubert de Passa et L\u2019\u00c9veill\u00e9, 1815-1821. Images inconnues<\/strong><\/em> par Olivier Poisson, Conservateur g\u00e9n\u00e9ral du Patrimoine honoraire et Laurent Fonquernie, Historien \/ Monastir del Camp, Passa ; 17h : conf\u00e9rence \u00ab&nbsp;<em>L\u2019\u00c9veill\u00e9 et Jaubert de Passa : un projet en dessins pour le Roussillon&nbsp;<\/em>\u00bb, par Olivier Poisson&nbsp;; 18 h : Laurent Fonquernie, les costumes roussillonnais dans les dessins de L\u2019\u00c9veill\u00e9, d\u00e9fil\u00e9-promenade de tenues reconstitu\u00e9es ;18h 30 : ap\u00e9ritif participatif tir\u00e9 du sac ; organisation : ASPAHR \/ SASL des&nbsp;P-O \/ Le Temps du Costume Roussillonnais.<\/a><\/p>\n\n\n\n<p><a href=\"http:\/\/sasldeh.cluster030.hosting.ovh.net\/wp-content\/uploads\/2025\/11\/Conference-21-nov_Lannee-terrible_FB.png\" data-type=\"link\" data-id=\"http:\/\/sasldeh.cluster030.hosting.ovh.net\/wp-content\/uploads\/2025\/11\/Conference-21-nov_Lannee-terrible_FB.png\"><strong><strong>21 novembre 2025 \u00e0 17h30 \u2013 <\/strong><em><strong>L\u2019ann\u00e9e terrible dans les Pyr\u00e9n\u00e9es-Orientales (4 sept. 1870 \u2013 4 sept. 1871) <\/strong><\/em><\/strong>par J\u00e9r\u00f4me Quaretti, charg\u00e9 de cours \u00e0 l\u2019UPVD et doctorant en histoire au laboratoire FRAMESPA \/ Hall Guy Mal\u00e9, Perpignan.<\/a><\/p>\n\n\n\n<p><strong><em>15 janvier 2026 \u00e0 18h30 &#8211; Histoire de la soie dans les Pyr\u00e9n\u00e9es-Orientales<\/em><\/strong> par Jean-Marie Rosenstein, historien dans le cadre de la parution de son ouvrage \/ M\u00e9diath\u00e8que de Perpignan.<\/p>\n\n\n\n<p><a href=\"https:\/\/sasl-des-po.fr\/wp-content\/uploads\/2026\/01\/Affiche-Conference-Histoire-de-la-soie-dans-les-PO.png\" data-type=\"link\" data-id=\"https:\/\/sasl-des-po.fr\/wp-content\/uploads\/2026\/01\/Affiche-Conference-Histoire-de-la-soie-dans-les-PO.png\"><strong>30 janvier 2026 \u00e0 18h \u2013 <\/strong><em><strong>L\u2019Histoire de la soie dans les Pyr\u00e9n\u00e9es-Orientales <\/strong><\/em>dans le cadre de la parution de son ouvrage par Jean-Marie Rosenstein, historien, en partenariat avec le service Patrimoine de la ville de Prades \/ Espace Martin Viv\u00e8s, Prades.<\/a><\/p>\n\n\n\n<p><a href=\"https:\/\/sasl-des-po.fr\/wp-content\/uploads\/2026\/02\/affiche_conf_F.MARTIN_SASL_fev2026.png\" data-type=\"link\" data-id=\"https:\/\/sasl-des-po.fr\/wp-content\/uploads\/2026\/02\/affiche_conf_F.MARTIN_SASL_fev2026.png\"><strong>20 f\u00e9vrier 2026 \u00e0 17h30 \u2013 <\/strong><em><strong>Du corps au croire : pratiques sensibles, qu\u00eate de soi et recompositions spirituelles dans l&rsquo;Aude contemporaine<\/strong><\/em> par Flora Martin, doctorante en Histoire et Anthropologie des religions \u00e0 l&rsquo;Universit\u00e9 de Montpellier Paul-Val\u00e9ry \/ Hall Guy Mal\u00e9, Perpignan.<\/a><\/p>\n\n\n\n<p><a href=\"https:\/\/sasl-des-po.fr\/wp-content\/uploads\/2026\/03\/A3-SASL-LA-FRONTIERE-CONSTRUITE-scaled.jpg\" data-type=\"link\" data-id=\"https:\/\/sasl-des-po.fr\/wp-content\/uploads\/2026\/03\/A3-SASL-LA-FRONTIERE-CONSTRUITE-scaled.jpg\"><strong>12 mars 2026 \u00e0 18h30 \u2013 <\/strong><em><strong>La fronti\u00e8re septentrionale des comt\u00e9s de Roussillon et de Cerdagne de 1258 \u00e0 1462 : construction et exp\u00e9rience<\/strong><\/em> par Margault Coste, docteure en Histoire m\u00e9di\u00e9vale de l\u2019Universit\u00e9 de Perpignan Via Domitia \/ M\u00e9diath\u00e8que de Perpignan.<\/a><\/p>\n\n\n\n<p><\/p>\n","protected":false},"excerpt":{"rendered":"<p>Nous vous proposons de t\u00e9l\u00e9charger les programmes des cycles pass\u00e9s : 2022-2023 2023-2024 Vous trouverez ci-dessous des \u00e9l\u00e9ments (textes, affiches, photographies&#8230;) relatifs \u00e0 nos \u00e9v\u00e9nements pass\u00e9s : 17 d\u00e9cembre 2021 \u2013 17h \u2013 Le Pessebre unique de Sant Vicens : cr\u00e9ation, \u00e9volution. Claire Bauby-Gasparian, c\u00e9ramiste \/ Ev\u00e9nement en ligne 11 f\u00e9vrier 2022 \u2013 17h-18h \u2013 &hellip; <a href=\"https:\/\/sasl-des-po.fr\/index.php\/evenements-passes\/\" class=\"more-link\">Continuer la lecture de <span class=\"screen-reader-text\">Ev\u00e9nements pass\u00e9s<\/span><\/a><\/p>\n","protected":false},"author":1,"featured_media":0,"parent":0,"menu_order":0,"comment_status":"closed","ping_status":"closed","template":"","meta":{"footnotes":""},"class_list":["post-204","page","type-page","status-publish","hentry"],"_links":{"self":[{"href":"https:\/\/sasl-des-po.fr\/index.php\/wp-json\/wp\/v2\/pages\/204","targetHints":{"allow":["GET"]}}],"collection":[{"href":"https:\/\/sasl-des-po.fr\/index.php\/wp-json\/wp\/v2\/pages"}],"about":[{"href":"https:\/\/sasl-des-po.fr\/index.php\/wp-json\/wp\/v2\/types\/page"}],"author":[{"embeddable":true,"href":"https:\/\/sasl-des-po.fr\/index.php\/wp-json\/wp\/v2\/users\/1"}],"replies":[{"embeddable":true,"href":"https:\/\/sasl-des-po.fr\/index.php\/wp-json\/wp\/v2\/comments?post=204"}],"version-history":[{"count":122,"href":"https:\/\/sasl-des-po.fr\/index.php\/wp-json\/wp\/v2\/pages\/204\/revisions"}],"predecessor-version":[{"id":1281,"href":"https:\/\/sasl-des-po.fr\/index.php\/wp-json\/wp\/v2\/pages\/204\/revisions\/1281"}],"wp:attachment":[{"href":"https:\/\/sasl-des-po.fr\/index.php\/wp-json\/wp\/v2\/media?parent=204"}],"curies":[{"name":"wp","href":"https:\/\/api.w.org\/{rel}","templated":true}]}}