{"id":157,"date":"2022-07-15T02:27:05","date_gmt":"2022-07-15T00:27:05","guid":{"rendered":"http:\/\/sasldeh.cluster030.hosting.ovh.net\/?page_id=157"},"modified":"2024-01-09T23:05:14","modified_gmt":"2024-01-09T22:05:14","slug":"presse","status":"publish","type":"page","link":"https:\/\/sasl-des-po.fr\/index.php\/presse\/","title":{"rendered":"Presse"},"content":{"rendered":"\n<figure class=\"wp-block-image size-full\"><a href=\"http:\/\/sasldeh.cluster030.hosting.ovh.net\/wp-content\/uploads\/2023\/01\/20220616-La-Semaine-du-Roussillon.jpg\"><img loading=\"lazy\" decoding=\"async\" width=\"652\" height=\"756\" src=\"http:\/\/sasldeh.cluster030.hosting.ovh.net\/wp-content\/uploads\/2023\/01\/20220616-La-Semaine-du-Roussillon.jpg\" alt=\"\" class=\"wp-image-741\" srcset=\"https:\/\/sasl-des-po.fr\/wp-content\/uploads\/2023\/01\/20220616-La-Semaine-du-Roussillon.jpg 652w, https:\/\/sasl-des-po.fr\/wp-content\/uploads\/2023\/01\/20220616-La-Semaine-du-Roussillon-259x300.jpg 259w\" sizes=\"auto, (max-width: 652px) 100vw, 652px\" \/><\/a><figcaption class=\"wp-element-caption\"><em>La Semaine du Roussillon<\/em> du 16 juin 2022<\/figcaption><\/figure>\n\n\n\n<figure class=\"wp-block-image size-large\"><a href=\"http:\/\/sasldeh.cluster030.hosting.ovh.net\/wp-content\/uploads\/2022\/07\/20220619-1.jpg\"><img loading=\"lazy\" decoding=\"async\" width=\"1024\" height=\"748\" src=\"http:\/\/sasldeh.cluster030.hosting.ovh.net\/wp-content\/uploads\/2022\/07\/20220619-1-1024x748.jpg\" alt=\"\" class=\"wp-image-161\" srcset=\"https:\/\/sasl-des-po.fr\/wp-content\/uploads\/2022\/07\/20220619-1-1024x748.jpg 1024w, https:\/\/sasl-des-po.fr\/wp-content\/uploads\/2022\/07\/20220619-1-300x219.jpg 300w, https:\/\/sasl-des-po.fr\/wp-content\/uploads\/2022\/07\/20220619-1-768x561.jpg 768w, https:\/\/sasl-des-po.fr\/wp-content\/uploads\/2022\/07\/20220619-1.jpg 1195w\" sizes=\"auto, (max-width: 1024px) 100vw, 1024px\" \/><\/a><figcaption class=\"wp-element-caption\"><em>L&rsquo;Ind\u00e9pendant<\/em> du 19 juin 2022<\/figcaption><\/figure>\n\n\n\n<p><\/p>\n\n\n<div class=\"wp-block-image\">\n<figure class=\"aligncenter size-large\"><a href=\"http:\/\/sasldeh.cluster030.hosting.ovh.net\/wp-content\/uploads\/2022\/07\/20220701-La-Semaine-web-1.jpg\"><img loading=\"lazy\" decoding=\"async\" width=\"403\" height=\"1024\" src=\"http:\/\/sasldeh.cluster030.hosting.ovh.net\/wp-content\/uploads\/2022\/07\/20220701-La-Semaine-web-1-403x1024.jpg\" alt=\"\" class=\"wp-image-169\" srcset=\"https:\/\/sasl-des-po.fr\/wp-content\/uploads\/2022\/07\/20220701-La-Semaine-web-1-403x1024.jpg 403w, https:\/\/sasl-des-po.fr\/wp-content\/uploads\/2022\/07\/20220701-La-Semaine-web-1-118x300.jpg 118w, https:\/\/sasl-des-po.fr\/wp-content\/uploads\/2022\/07\/20220701-La-Semaine-web-1.jpg 520w\" sizes=\"auto, (max-width: 403px) 100vw, 403px\" \/><\/a><figcaption class=\"wp-element-caption\"><em>La Semaine du Roussillon<\/em> &#8211; \u00e9dition web, 1er juillet 2022 (<a href=\"https:\/\/www.lasemaineduroussillon.com\/2022\/07\/01\/perpignan-lartiste-argentine-teresita-campana-au-centro-espagnol\/\">https:\/\/www.lasemaineduroussillon.com\/2022\/07\/01\/perpignan-lartiste-argentine-teresita-campana-au-centro-espagnol\/<\/a>)<\/figcaption><\/figure>\n<\/div>\n\n\n<p>Pr\u00e9sentation de la conf\u00e9rence dans\u00e9e du 6 juillet 2022 au micro de Nicolas Caudeville pour \u00ab\u00a0L&rsquo;Achipel contre attaque\u00a0\u00bb :<\/p>\n\n\n\n<iframe loading=\"lazy\" width=\"560\" height=\"315\" src=\"https:\/\/www.youtube.com\/embed\/0wcvexIMvyg\" title=\"YouTube video player\" frameborder=\"0\" allow=\"accelerometer; autoplay; clipboard-write; encrypted-media; gyroscope; picture-in-picture\" allowfullscreen=\"\"><\/iframe>\n\n\n\n<p>Voir aussi : <a href=\"http:\/\/l-archipel-contre-attaque.over-blog.fr\/2022\/07\/mme-campana-qui-offre-sur-proposition-de-renaud-semper-choregraphe-qui-a-travaille-sur-differents-themes-latino-americains-et-assurera-la-traduction-des-contenus-une-conference-dansee-le-financee-par-la-sasl-dans-le-cadre-de-l-agenda-culturel-de.h\">http:\/\/l-archipel-contre-attaque.over-blog.fr\/2022\/07\/mme-campana-qui-offre-sur-proposition-de-renaud-semper-choregraphe-qui-a-travaille-sur-differents-themes-latino-americains-et-assurera-la-traduction-des-contenus-une-conference-dansee-le-financee-par-la-sasl-dans-le-cadre-de-l-agenda-culturel-de.h<\/a><\/p>\n\n\n\n<figure class=\"wp-block-image size-large\"><a href=\"http:\/\/sasldeh.cluster030.hosting.ovh.net\/wp-content\/uploads\/2022\/07\/20220613-La-Semaine-du-Roussillon.jpg\"><img loading=\"lazy\" decoding=\"async\" width=\"1024\" height=\"936\" src=\"http:\/\/sasldeh.cluster030.hosting.ovh.net\/wp-content\/uploads\/2022\/07\/20220613-La-Semaine-du-Roussillon-1024x936.jpg\" alt=\"\" class=\"wp-image-162\" srcset=\"https:\/\/sasl-des-po.fr\/wp-content\/uploads\/2022\/07\/20220613-La-Semaine-du-Roussillon-1024x936.jpg 1024w, https:\/\/sasl-des-po.fr\/wp-content\/uploads\/2022\/07\/20220613-La-Semaine-du-Roussillon-300x274.jpg 300w, https:\/\/sasl-des-po.fr\/wp-content\/uploads\/2022\/07\/20220613-La-Semaine-du-Roussillon-768x702.jpg 768w, https:\/\/sasl-des-po.fr\/wp-content\/uploads\/2022\/07\/20220613-La-Semaine-du-Roussillon-1536x1404.jpg 1536w, https:\/\/sasl-des-po.fr\/wp-content\/uploads\/2022\/07\/20220613-La-Semaine-du-Roussillon-2048x1872.jpg 2048w\" sizes=\"auto, (max-width: 1024px) 100vw, 1024px\" \/><\/a><figcaption class=\"wp-element-caption\"><em>La Semaine du Roussillon<\/em>, n\u00b01352 &#8211; Du 13 au 19 juillet 2022<\/figcaption><\/figure>\n\n\n\n<figure class=\"wp-block-image size-full\"><a href=\"http:\/\/sasldeh.cluster030.hosting.ovh.net\/wp-content\/uploads\/2022\/08\/20220810-LIndependant.jpg\"><img loading=\"lazy\" decoding=\"async\" width=\"841\" height=\"738\" src=\"http:\/\/sasldeh.cluster030.hosting.ovh.net\/wp-content\/uploads\/2022\/08\/20220810-LIndependant.jpg\" alt=\"\" class=\"wp-image-202\" srcset=\"https:\/\/sasl-des-po.fr\/wp-content\/uploads\/2022\/08\/20220810-LIndependant.jpg 841w, https:\/\/sasl-des-po.fr\/wp-content\/uploads\/2022\/08\/20220810-LIndependant-300x263.jpg 300w, https:\/\/sasl-des-po.fr\/wp-content\/uploads\/2022\/08\/20220810-LIndependant-768x674.jpg 768w\" sizes=\"auto, (max-width: 841px) 100vw, 841px\" \/><\/a><figcaption class=\"wp-element-caption\"><em>L&rsquo;Ind\u00e9pendant<\/em> du 10 ao\u00fbt 2022<\/figcaption><\/figure>\n\n\n<div class=\"wp-block-image\">\n<figure class=\"aligncenter size-full is-resized\"><a href=\"http:\/\/sasldeh.cluster030.hosting.ovh.net\/wp-content\/uploads\/2022\/08\/20220819-LIndependant.jpg\"><img loading=\"lazy\" decoding=\"async\" width=\"466\" height=\"673\" src=\"http:\/\/sasldeh.cluster030.hosting.ovh.net\/wp-content\/uploads\/2022\/08\/20220819-LIndependant.jpg\" alt=\"\" class=\"wp-image-532\" style=\"width:434px;height:627px\" srcset=\"https:\/\/sasl-des-po.fr\/wp-content\/uploads\/2022\/08\/20220819-LIndependant.jpg 466w, https:\/\/sasl-des-po.fr\/wp-content\/uploads\/2022\/08\/20220819-LIndependant-208x300.jpg 208w\" sizes=\"auto, (max-width: 466px) 100vw, 466px\" \/><\/a><figcaption class=\"wp-element-caption\"><em>L&rsquo;Ind\u00e9pendant<\/em> du 18 ao\u00fbt 2022<\/figcaption><\/figure>\n<\/div>\n\n\n<figure class=\"wp-block-image size-full\"><a href=\"https:\/\/www.lasemaineduroussillon.com\/2022\/09\/15\/jean-yves-mollier-concentration-medias\/\"><img loading=\"lazy\" decoding=\"async\" width=\"768\" height=\"796\" src=\"http:\/\/sasldeh.cluster030.hosting.ovh.net\/wp-content\/uploads\/2023\/01\/20220915-La-Semaine-du-Roussillon-capture.jpg\" alt=\"\" class=\"wp-image-739\" srcset=\"https:\/\/sasl-des-po.fr\/wp-content\/uploads\/2023\/01\/20220915-La-Semaine-du-Roussillon-capture.jpg 768w, https:\/\/sasl-des-po.fr\/wp-content\/uploads\/2023\/01\/20220915-La-Semaine-du-Roussillon-capture-289x300.jpg 289w\" sizes=\"auto, (max-width: 768px) 100vw, 768px\" \/><\/a><figcaption class=\"wp-element-caption\"><em>La Semaine du Roussillon<\/em> du 15 septembre 2022<\/figcaption><\/figure>\n\n\n\n<figure class=\"wp-block-image size-full\"><a href=\"http:\/\/sasldeh.cluster030.hosting.ovh.net\/wp-content\/uploads\/2023\/01\/20221020-LIndependant.jpg\"><img loading=\"lazy\" decoding=\"async\" width=\"751\" height=\"807\" src=\"http:\/\/sasldeh.cluster030.hosting.ovh.net\/wp-content\/uploads\/2023\/01\/20221020-LIndependant.jpg\" alt=\"\" class=\"wp-image-740\" srcset=\"https:\/\/sasl-des-po.fr\/wp-content\/uploads\/2023\/01\/20221020-LIndependant.jpg 751w, https:\/\/sasl-des-po.fr\/wp-content\/uploads\/2023\/01\/20221020-LIndependant-279x300.jpg 279w\" sizes=\"auto, (max-width: 751px) 100vw, 751px\" \/><\/a><figcaption class=\"wp-element-caption\"><em>L&rsquo;Ind\u00e9pendant<\/em> du 20 octobre 2022<\/figcaption><\/figure>\n\n\n\n<figure class=\"wp-block-image size-large is-resized\"><a href=\"http:\/\/sasldeh.cluster030.hosting.ovh.net\/wp-content\/uploads\/2023\/01\/20221230-La-Croix-du-Midi.jpg\"><img loading=\"lazy\" decoding=\"async\" width=\"753\" height=\"1024\" src=\"http:\/\/sasldeh.cluster030.hosting.ovh.net\/wp-content\/uploads\/2023\/01\/20221230-La-Croix-du-Midi-753x1024.jpg\" alt=\"\" class=\"wp-image-742\" style=\"width:690px;height:938px\" srcset=\"https:\/\/sasl-des-po.fr\/wp-content\/uploads\/2023\/01\/20221230-La-Croix-du-Midi-753x1024.jpg 753w, https:\/\/sasl-des-po.fr\/wp-content\/uploads\/2023\/01\/20221230-La-Croix-du-Midi-221x300.jpg 221w, https:\/\/sasl-des-po.fr\/wp-content\/uploads\/2023\/01\/20221230-La-Croix-du-Midi-768x1044.jpg 768w, https:\/\/sasl-des-po.fr\/wp-content\/uploads\/2023\/01\/20221230-La-Croix-du-Midi-1130x1536.jpg 1130w, https:\/\/sasl-des-po.fr\/wp-content\/uploads\/2023\/01\/20221230-La-Croix-du-Midi.jpg 1477w\" sizes=\"auto, (max-width: 753px) 100vw, 753px\" \/><\/a><figcaption class=\"wp-element-caption\"><em>La Croix du Midi<\/em>, n\u00b05713 &#8211; Du 30 d\u00e9cembre 2022 au 5 janvier 2023<\/figcaption><\/figure>\n\n\n<div class=\"wp-block-image\">\n<figure class=\"aligncenter size-full is-resized\"><img loading=\"lazy\" decoding=\"async\" width=\"453\" height=\"812\" src=\"http:\/\/sasldeh.cluster030.hosting.ovh.net\/wp-content\/uploads\/2024\/01\/281023_amelie-les-bains.jpg\" alt=\"\" class=\"wp-image-939\" style=\"width:453px;height:auto\" srcset=\"https:\/\/sasl-des-po.fr\/wp-content\/uploads\/2024\/01\/281023_amelie-les-bains.jpg 453w, https:\/\/sasl-des-po.fr\/wp-content\/uploads\/2024\/01\/281023_amelie-les-bains-167x300.jpg 167w\" sizes=\"auto, (max-width: 453px) 100vw, 453px\" \/><figcaption class=\"wp-element-caption\"><em>L&rsquo;Ind\u00e9pendant <\/em>du 28 octobre 2023<\/figcaption><\/figure>\n<\/div>\n\n\n<figure class=\"wp-block-image size-large\"><img loading=\"lazy\" decoding=\"async\" width=\"1024\" height=\"880\" src=\"http:\/\/sasldeh.cluster030.hosting.ovh.net\/wp-content\/uploads\/2024\/01\/Capture-decran-2024-01-09-a-23.01.58-1024x880.png\" alt=\"\" class=\"wp-image-945\" srcset=\"https:\/\/sasl-des-po.fr\/wp-content\/uploads\/2024\/01\/Capture-decran-2024-01-09-a-23.01.58-1024x880.png 1024w, https:\/\/sasl-des-po.fr\/wp-content\/uploads\/2024\/01\/Capture-decran-2024-01-09-a-23.01.58-300x258.png 300w, https:\/\/sasl-des-po.fr\/wp-content\/uploads\/2024\/01\/Capture-decran-2024-01-09-a-23.01.58-768x660.png 768w, https:\/\/sasl-des-po.fr\/wp-content\/uploads\/2024\/01\/Capture-decran-2024-01-09-a-23.01.58-1536x1320.png 1536w, https:\/\/sasl-des-po.fr\/wp-content\/uploads\/2024\/01\/Capture-decran-2024-01-09-a-23.01.58.png 1808w\" sizes=\"auto, (max-width: 1024px) 100vw, 1024px\" \/><\/figure>\n\n\n\n<figure class=\"wp-block-image size-large\"><img loading=\"lazy\" decoding=\"async\" width=\"925\" height=\"1024\" src=\"http:\/\/sasldeh.cluster030.hosting.ovh.net\/wp-content\/uploads\/2024\/01\/Capture-decran-2024-01-09-a-23.02.19-925x1024.png\" alt=\"\" class=\"wp-image-946\" srcset=\"https:\/\/sasl-des-po.fr\/wp-content\/uploads\/2024\/01\/Capture-decran-2024-01-09-a-23.02.19-925x1024.png 925w, https:\/\/sasl-des-po.fr\/wp-content\/uploads\/2024\/01\/Capture-decran-2024-01-09-a-23.02.19-271x300.png 271w, https:\/\/sasl-des-po.fr\/wp-content\/uploads\/2024\/01\/Capture-decran-2024-01-09-a-23.02.19-768x850.png 768w, https:\/\/sasl-des-po.fr\/wp-content\/uploads\/2024\/01\/Capture-decran-2024-01-09-a-23.02.19.png 1196w\" sizes=\"auto, (max-width: 925px) 100vw, 925px\" \/><\/figure>\n\n\n\n<figure class=\"wp-block-image size-large\"><img loading=\"lazy\" decoding=\"async\" width=\"754\" height=\"1024\" src=\"http:\/\/sasldeh.cluster030.hosting.ovh.net\/wp-content\/uploads\/2024\/01\/Capture-decran-2024-01-09-a-23.02.50-754x1024.png\" alt=\"\" class=\"wp-image-947\" srcset=\"https:\/\/sasl-des-po.fr\/wp-content\/uploads\/2024\/01\/Capture-decran-2024-01-09-a-23.02.50-754x1024.png 754w, https:\/\/sasl-des-po.fr\/wp-content\/uploads\/2024\/01\/Capture-decran-2024-01-09-a-23.02.50-221x300.png 221w, https:\/\/sasl-des-po.fr\/wp-content\/uploads\/2024\/01\/Capture-decran-2024-01-09-a-23.02.50-768x1043.png 768w, https:\/\/sasl-des-po.fr\/wp-content\/uploads\/2024\/01\/Capture-decran-2024-01-09-a-23.02.50-1131x1536.png 1131w, https:\/\/sasl-des-po.fr\/wp-content\/uploads\/2024\/01\/Capture-decran-2024-01-09-a-23.02.50.png 1222w\" sizes=\"auto, (max-width: 754px) 100vw, 754px\" \/><figcaption class=\"wp-element-caption\"><em>L&rsquo;Ind\u00e9pendant <\/em>du 8 d\u00e9cembre 2023<\/figcaption><\/figure>\n","protected":false},"excerpt":{"rendered":"<p>Pr\u00e9sentation de la conf\u00e9rence dans\u00e9e du 6 juillet 2022 au micro de Nicolas Caudeville pour \u00ab\u00a0L&rsquo;Achipel contre attaque\u00a0\u00bb : Voir aussi : http:\/\/l-archipel-contre-attaque.over-blog.fr\/2022\/07\/mme-campana-qui-offre-sur-proposition-de-renaud-semper-choregraphe-qui-a-travaille-sur-differents-themes-latino-americains-et-assurera-la-traduction-des-contenus-une-conference-dansee-le-financee-par-la-sasl-dans-le-cadre-de-l-agenda-culturel-de.h<\/p>\n","protected":false},"author":1,"featured_media":0,"parent":0,"menu_order":0,"comment_status":"closed","ping_status":"closed","template":"","meta":{"footnotes":""},"class_list":["post-157","page","type-page","status-publish","hentry"],"_links":{"self":[{"href":"https:\/\/sasl-des-po.fr\/index.php\/wp-json\/wp\/v2\/pages\/157","targetHints":{"allow":["GET"]}}],"collection":[{"href":"https:\/\/sasl-des-po.fr\/index.php\/wp-json\/wp\/v2\/pages"}],"about":[{"href":"https:\/\/sasl-des-po.fr\/index.php\/wp-json\/wp\/v2\/types\/page"}],"author":[{"embeddable":true,"href":"https:\/\/sasl-des-po.fr\/index.php\/wp-json\/wp\/v2\/users\/1"}],"replies":[{"embeddable":true,"href":"https:\/\/sasl-des-po.fr\/index.php\/wp-json\/wp\/v2\/comments?post=157"}],"version-history":[{"count":16,"href":"https:\/\/sasl-des-po.fr\/index.php\/wp-json\/wp\/v2\/pages\/157\/revisions"}],"predecessor-version":[{"id":949,"href":"https:\/\/sasl-des-po.fr\/index.php\/wp-json\/wp\/v2\/pages\/157\/revisions\/949"}],"wp:attachment":[{"href":"https:\/\/sasl-des-po.fr\/index.php\/wp-json\/wp\/v2\/media?parent=157"}],"curies":[{"name":"wp","href":"https:\/\/api.w.org\/{rel}","templated":true}]}}